{"id":12902,"date":"2016-03-16T11:41:50","date_gmt":"2016-03-16T11:41:50","guid":{"rendered":"http:\/\/democontent.codex-themes.com\/thegem-portfolios\/?page_id=12902"},"modified":"2025-06-13T03:40:31","modified_gmt":"2025-06-13T03:40:31","slug":"blog-masonry-3-x-list","status":"publish","type":"page","link":"https:\/\/www.cvexpres.com\/empleo-profesor\/","title":{"rendered":"Ofertas de empleo para profesores"},"content":{"rendered":"<div class=\"wpb-content-wrapper\" id=\"wpb-content-root\"><p>[vc_row full_width=&#8221;stretch_row_content_no_spaces&#8221; css=&#8221;.vc_custom_1458135716414{margin-bottom: 0px !important;}&#8221;][vc_column css=&#8221;.vc_custom_1458135744679{margin-bottom: 0px !important;padding-bottom: 0px !important;}&#8221;]\n\t\t\t\t<p class=\"rs-p-wp-fix\"><\/p>\n\t\t\t\t<sr7-module data-alias=\"Blog-masonry-3x-light\" data-id=\"2\" id=\"SR7_2_1\" class=\"rs-ov-hidden\" data-version=\"6.7.58\">\n\t\t\t\t\t<sr7-adjuster><\/sr7-adjuster>\n\t\t\t\t\t<sr7-content>\n\t\t\t\t\t\t<sr7-slide id=\"SR7_2_1-2\" data-key=\"2\">\n\t\t\t\t\t\t\t<sr7-bg id=\"SR7_2_1-2-10\" class=\"sr7-layer\"><noscript><img src=\"https:\/\/www.cvexpres.com\/empleo-profesor\/wp-content\/uploads\/2025\/06\/ofertas-de-empleo-para-profesores-y-maestros-en-la-provincia-de-Madrid-Sevilla-Barcelona-Murcia.jpg\" alt=\"ofertas de empleo para profesores y maestros en la provincia de Madrid, Sevilla, Barcelona, Murcia\" title=\"ofertas de empleo para profesores y maestros en la provincia de Madrid, Sevilla, Barcelona, Murcia\"><\/noscript><\/sr7-bg>\n\t\t\t\t\t\t\t<sr7-txt id=\"SR7_2_1-2-1\" class=\"sr7-layer\"><\/sr7-txt>\n\t\t\t\t\t\t\t<sr7-txt id=\"SR7_2_1-2-2\" class=\"sr7-layer\">Conoce las ofertas de empleo para profesores y maestros en los Colegios Privados y Concertados de todas las Provincias de Espa\u00f1a<\/sr7-txt>\n\t\t\t\t\t\t\t<sr7-txt id=\"SR7_2_1-2-3\" class=\"sr7-layer\"><\/sr7-txt>\n\t\t\t\t\t\t\t<sr7-txt id=\"SR7_2_1-2-4\" class=\"sr7-layer\"><\/sr7-txt>\n\t\t\t\t\t\t\t<sr7-txt id=\"SR7_2_1-2-6\" class=\"sr7-layer\"><\/sr7-txt>\n\t\t\t\t\t\t\t<sr7-txt id=\"SR7_2_1-2-7\" class=\"sr7-layer\">OFERTAS<\/sr7-txt>\n\t\t\t\t\t\t\t<sr7-txt id=\"SR7_2_1-2-9\" class=\"sr7-layer\">DE EMPLEO<\/sr7-txt>\n\t\t\t\t\t\t<\/sr7-slide>\n\t\t\t\t\t\t<sr7-slide id=\"SR7_2_1-5\" data-key=\"5\">\n\t\t\t\t\t\t<\/sr7-slide>\n\t\t\t\t\t<\/sr7-content>\n\t\t\t\t\t<image_lists style=\"display:none\">\n\t\t\t\t\t\t<img data-src=\"\/\/www.cvexpres.com\/empleo-profesor\/wp-content\/uploads\/2025\/06\/ofertas-de-empleo-para-profesores-y-maestros-en-la-provincia-de-Madrid-Sevilla-Barcelona-Murcia.jpg\" data-libid=\"24546\" data-lib=\"medialibrary\" alt=\"ofertas de empleo para profesores y maestros en la provincia de Madrid, Sevilla, Barcelona, Murcia\" title=\"ofertas de empleo para profesores y maestros en la provincia de Madrid, Sevilla, Barcelona, Murcia\" width=\"0\" height=\"0\" data-dbsrc=\"Ly93d3cuY3ZleHByZXMuY29tL2VtcGxlby1wcm9mZXNvci93cC1jb250ZW50L3VwbG9hZHMvMjAyNS8wNi9vZmVydGFzLWRlLWVtcGxlby1wYXJhLXByb2Zlc29yZXMteS1tYWVzdHJvcy1lbi1sYS1wcm92aW5jaWEtZGUtTWFkcmlkLVNldmlsbGEtQmFyY2Vsb25hLU11cmNpYS5qcGc=\"\/>\n\t\t\t\t\t<\/image_lists>\n\t\t\t\t<\/sr7-module>\n\t\t\t\t<script>\n\t\t\t\t\twindow.SR7 ??={};SR7.PMH ??={}; SR7.PMH[\"SR7_2_1\"] = {cn:100,state:false,fn: function() { if (window._tpt!==undefined && window._tpt.prepareModuleHeight !== undefined) {  _tpt.prepareModuleHeight({id:\"SR7_2_1\",el:[500,500,700,600,600],type:'standard',shdw:'0',gh:[500,500,500,400,600],gw:[1240,1240,1024,778,480],vpt:['-100px&#039;,&#039;-100px&#039;,&#039;-100px&#039;,&#039;-100px&#039;,&#039;-100px'],size:{fullWidth:false, fullHeight:false},mh:'0',onh:0,onw:0,bg:{color:'{\"orig\":\"transparent\",\"type\":\"solid\",\"string\":\"transparent\"}'},plType:'-1',plColor:'#FFFFFF'});   SR7.PMH[\"SR7_2_1\"].state=true;} else if(SR7.PMH[\"SR7_2_1\"].cn-->0)\tsetTimeout( SR7.PMH[\"SR7_2_1\"].fn,19);}};SR7.PMH[\"SR7_2_1\" ].fn();(function() {\n\tjQuery(document).ready(function() {\n\t\tjQuery('.gem-slideshow-with-preloader.gem-slideshow-rs').each(function() {\n\t\t\tvar slideshow = jQuery(this);\n\t\t\tslideshow.trigger('thegem-preloader-loaded');\n\t\t});\n\t});\n\tvar revapi = jQuery(document).ready(function() {});\n\trevapi.one('revolution.slide.onloaded', function() {\n\t\tjQuery('.gem-slideshow').prev('.slideshow-preloader').remove();\n\t});\n\tdocument.addEventListener(\"sr.module.ready\", function(e) {\n\t\tjQuery('.gem-slideshow').prev('.slideshow-preloader').remove();\n\t});\n})();\n\n\t\t\t\t<\/script>\n[vc_separator color=&#8221;white&#8221; style=&#8221;shadow&#8221; css=&#8221;&#8221;][\/vc_column][\/vc_row][vc_row full_width=&#8221;stretch_row_content&#8221; equal_height=&#8221;yes&#8221; custom_css_code=&#8221;LmdlbS10ZXh0Ym94JTdCJTBBJTIwJTIwJTIwJTIwbWFyZ2luLWJvdHRvbSUzQSUyMDAlM0IlMEElN0QlMEElNDBtZWRpYSUyOG1heC13aWR0aCUzQSUyMDQyMHB4JTI5JTdCJTBBJTIwJTIwJTIwJTIwLmdlbS10ZXh0Ym94LWNvbnRlbnQlN0IlMEElMjAlMjAlMjAlMjAlMjAlMjAlMjAlMjBwYWRkaW5nLWxlZnQlM0ElMjAyMXB4JTIwJTIxaW1wb3J0YW50JTNCJTBBJTIwJTIwJTIwJTIwJTIwJTIwJTIwJTIwcGFkZGluZy1yaWdodCUzQSUyMDIxcHglMjAlMjFpbXBvcnRhbnQlM0IlMEElMjAlMjAlMjAlMjAlN0QlMEElN0QlMEE=&#8221; css=&#8221;.vc_custom_1586773385902{margin-bottom: 0px !important;}&#8221; el_class=&#8221;custom-col-3&#8243;][vc_column width=&#8221;1\/4&#8243; css=&#8221;.vc_custom_1748981851906{padding-top: 0px !important;padding-right: 0px !important;padding-left: 0px !important;background-image: url(https:\/\/www.cvexpres.com\/empleo-profesor\/wp-content\/uploads\/2025\/06\/trabajar-en-secundarias-de-murcia-sevilla-madrid-barcelona-andalucia-castilla-la-mancha-1.jpg?id=24548) !important;background-position: center !important;background-repeat: no-repeat !important;background-size: cover !important;}&#8221; offset=&#8221;vc_col-lg-4 vc_col-md-6 vc_col-xs-12&#8243;]<div class=\"gem-textbox \"  ><div class=\"gem-textbox-inner\" style=\"\"><div class=\"gem-textbox-content\" style=\"background-color: #3C49B58F;background-position: center top;padding-top: 70px;padding-bottom: 70px;padding-left: 90px;padding-right: 90px;\"><div class=\"centered-box\"><div class=\"gem-icon gem-icon-pack-material gem-icon-size-large  gem-icon-shape-square gem-simple-icon \"  style=\"margin-top: 40px;margin-bottom: 40px;opacity: 1;\"><div class=\"gem-icon-inner\" style=\"\"><a href=\"https:\/\/www.cvexpres.com\/contratacion\/\" target=\"_self\" aria-label=\"Leer M\u00e1s\"><span class=\"gem-icon-half-1\" style=\"color: #ffffff;\"><span class=\"back-angle\">&#xf4e7;<\/span><\/span><span class=\"gem-icon-half-2\" style=\"color: #ffffff;\"><span class=\"back-angle\">&#xf4e7;<\/span><\/span><\/a><\/div><\/div><\/div>[vc_column_text css=&#8221;&#8221; css_animation=&#8221;bottom-to-top&#8221;]<\/p>\n<div class=\"title-h3\" style=\"text-align: center;\"><span style=\"color: #ffffff;\">ENVIA TU CV A COLEGIOS<\/span><\/div>\n<p>[\/vc_column_text]<div class=\"clearboth\"><\/div><style>#thegem-divider-6a9b4ff968ddc {margin-top: 20px !important;}<\/style><div id=\"thegem-divider-6a9b4ff968ddc\" class=\"gem-divider  \" style=\"\" ><\/div>[vc_column_text css=&#8221;&#8221; css_animation=&#8221;none&#8221;]<\/p>\n<div class=\"styled-subtitle\" style=\"text-align: center;\"><span style=\"color: #ffffff;\">Podr\u00e1s enviar el curriculum a colegios privados y concertados. Trabajar en colegios privados como profesor ahora es m\u00e1s f\u00e1cil.<\/span><\/div>\n<p>[\/vc_column_text]<div class=\"clearboth\"><\/div><style>#thegem-divider-6a9b4ff968dee {margin-top: 50px !important;}<\/style><div id=\"thegem-divider-6a9b4ff968dee\" class=\"gem-divider  \" style=\"\" ><\/div><\/div><\/div><\/div>[\/vc_column][vc_column width=&#8221;1\/4&#8243; css=&#8221;.vc_custom_1748982027549{padding-top: 0px !important;padding-right: 0px !important;padding-left: 0px !important;background-image: url(https:\/\/www.cvexpres.com\/empleo-profesor\/wp-content\/uploads\/2025\/06\/ofertas-de-empleo-educacion-infantil-colegios-privados-concertados-colegios-reglados.jpg?id=24549) !important;background-position: center !important;background-repeat: no-repeat !important;background-size: cover !important;}&#8221; offset=&#8221;vc_col-lg-4 vc_col-md-6 vc_col-xs-12&#8243;]<div class=\"gem-textbox \"  ><div class=\"gem-textbox-inner\" style=\"\"><div class=\"gem-textbox-content\" style=\"background-color: #DB630196;background-position: center top;padding-top: 70px;padding-bottom: 70px;padding-left: 90px;padding-right: 90px;\"><div class=\"centered-box\"><div class=\"gem-icon gem-icon-pack-fontawesome gem-icon-size-large  gem-icon-shape-square gem-simple-icon \"  style=\"margin-top: 40px;margin-bottom: 40px;opacity: 1;\"><div class=\"gem-icon-inner\" style=\"\"><a href=\"https:\/\/www.cvexpres.com\/elaboracion-de-curriculum\/\" target=\"_self\" aria-label=\"Leer M\u00e1s\"><span class=\"gem-icon-half-1\" style=\"color: #ffffff;\"><span class=\"back-angle\">&#xf1c2;<\/span><\/span><span class=\"gem-icon-half-2\" style=\"color: #ffffff;\"><span class=\"back-angle\">&#xf1c2;<\/span><\/span><\/a><\/div><\/div><\/div>[vc_column_text css=&#8221;&#8221; css_animation=&#8221;bottom-to-top&#8221;]<\/p>\n<div class=\"title-h3\" style=\"text-align: center;\"><span style=\"color: #ffffff;\">PLANTILLAS CURRICULUM<\/span><\/div>\n<p>[\/vc_column_text]<div class=\"clearboth\"><\/div><style>#thegem-divider-6a9b4ff968e45 {margin-top: 20px !important;}<\/style><div id=\"thegem-divider-6a9b4ff968e45\" class=\"gem-divider  \" style=\"\" ><\/div>[vc_column_text css=&#8221;&#8221; css_animation=&#8221;none&#8221;]<\/p>\n<div class=\"styled-subtitle\" style=\"text-align: center;\"><span style=\"color: #ffffff;\">Elaboramos tu curriculum, tanto en formato Word como Videocurriculum o CV online. Traducciones al alem\u00e1n, franc\u00e9s o ingl\u00e9s <\/span><\/div>\n<p>[\/vc_column_text]<div class=\"clearboth\"><\/div><style>#thegem-divider-6a9b4ff968e50 {margin-top: 50px !important;}<\/style><div id=\"thegem-divider-6a9b4ff968e50\" class=\"gem-divider  \" style=\"\" ><\/div><\/div><\/div><\/div>[\/vc_column][vc_column width=&#8221;1\/4&#8243; css=&#8221;.vc_custom_1749016973367{padding-top: 0px !important;padding-right: 0px !important;padding-left: 0px !important;background-image: url(https:\/\/www.cvexpres.com\/empleo-profesor\/wp-content\/uploads\/2025\/06\/trabajo-profesor-profesora-de-secundaria-en-Murcia-bachillerato.jpg?id=24552) !important;background-position: center !important;background-repeat: no-repeat !important;background-size: cover !important;}&#8221; offset=&#8221;vc_col-lg-4 vc_col-md-12 vc_col-xs-12&#8243;]<div class=\"gem-textbox \"  ><div class=\"gem-textbox-inner\" style=\"\"><div class=\"gem-textbox-content\" style=\"background-color: #D6484887;background-position: center top;padding-top: 70px;padding-bottom: 70px;padding-left: 90px;padding-right: 90px;\"><div class=\"centered-box\"><div class=\"gem-icon gem-icon-pack-material gem-icon-size-large  gem-icon-shape-square gem-simple-icon \"  style=\"margin-top: 40px;margin-bottom: 40px;opacity: 1;\"><div class=\"gem-icon-inner\" style=\"\"><a href=\"https:\/\/www.cvexpres.com\/contratacion\/\" target=\"_self\" aria-label=\"Leer M\u00e1s\"><span class=\"gem-icon-half-1\" style=\"color: #ffffff;\"><span class=\"back-angle\">&#xf20a;<\/span><\/span><span class=\"gem-icon-half-2\" style=\"color: #ffffff;\"><span class=\"back-angle\">&#xf20a;<\/span><\/span><\/a><\/div><\/div><\/div>[vc_column_text css=&#8221;&#8221; css_animation=&#8221;bottom-to-top&#8221;]<\/p>\n<div class=\"title-h3\" style=\"text-align: center;\"><span style=\"color: #ffffff;\">SELECCI\u00d3N DE CENTROS<\/span><\/div>\n<p>[\/vc_column_text]<div class=\"clearboth\"><\/div><style>#thegem-divider-6a9b4ff968e96 {margin-top: 20px !important;}<\/style><div id=\"thegem-divider-6a9b4ff968e96\" class=\"gem-divider  \" style=\"\" ><\/div>[vc_column_text css=&#8221;&#8221; css_animation=&#8221;none&#8221;]<\/p>\n<div class=\"styled-subtitle\" style=\"text-align: center;\"><span style=\"color: #ffffff;\">Selecci\u00f3n por provincias, municipios, seg\u00fan sus niveles educativos, privados, concertados, laicos, religiosos, biling\u00fces\u2026 <\/span><\/div>\n<p>[\/vc_column_text]<div class=\"clearboth\"><\/div><style>#thegem-divider-6a9b4ff968ea0 {margin-top: 50px !important;}<\/style><div id=\"thegem-divider-6a9b4ff968ea0\" class=\"gem-divider  \" style=\"\" ><\/div><\/div><\/div><\/div>[\/vc_column][\/vc_row][vc_row][vc_column][vc_separator color=&#8221;white&#8221; style=&#8221;shadow&#8221; css=&#8221;&#8221;][\/vc_column][\/vc_row][vc_row full_width=&#8221;stretch_row&#8221; custom_css_code=&#8221;LmJsb2ctc3R5bGUtanVzdGlmaWVkLTR4JTIwLnBvc3QtbWV0YS1hdXRob3IlN0IlMEElMjAlMjAlMjAlMjAlMjAlMjBjb2xvciUzQSUyMzk5YTliNSUzQiUwQSU3RA==&#8221; css=&#8221;.vc_custom_1587556099730{margin-bottom: 0px !important;padding-bottom: 0px !important;background-color: #2c2e3d !important;}&#8221;][vc_column]<div class=\"clearboth\"><\/div><style>#thegem-divider-6a9b4ff968ead {margin-top: 35px !important;}<\/style><div id=\"thegem-divider-6a9b4ff968ead\" class=\"gem-divider  \" style=\"\" ><\/div><div class=\"clearboth\"><\/div><style>#thegem-divider-6a9b4ff968eb6 {margin-top: 80px !important;}<\/style><div id=\"thegem-divider-6a9b4ff968eb6\" class=\"gem-divider  \" style=\"\" ><\/div><div id=\"style-5808a66\" data-style-uid=\"5808a66\" class=\"blog blog-style-justified-3x justified-style-2 inline-row clearfix item-animation-move-up pagination-more\" data-next-page=\"2\" data-pages-count=\"24\">\n<article id=\"post-26004\" class=\"col-lg-4 col-md-4 col-sm-6 col-xs-6 inline-column item-animations-not-inited post-26004 post type-post status-publish format-standard category-ofertas-de-empleo-para-profesores\"> <div class=\"post-content-wrapper\" style=\"background-color: #393d50;\"> <div class=\"description\"> <div class=\"post-meta-conteiner\"> <div class=\"post-meta-right\"> <span class=\"comments-link\"><a href=\"https:\/\/www.cvexpres.com\/empleo-profesor\/trabaja-como-profesor-de-geografia-e-historia-4\/#respond\">0<\/a><\/span> <span class=\"post-meta-likes\"><a href=\"#\" class=\"zilla-likes\" id=\"zilla-likes-26004\" title=\"Like this\"><span class=\"zilla-likes-count\">0<\/span> <span class=\"zilla-likes-postfix\"><\/span><\/a><\/span> <\/div> <\/div> <div class=\"post-title\"> <div class=\"entry-title title-h4\"><a href=\"https:\/\/www.cvexpres.com\/empleo-profesor\/trabaja-como-profesor-de-geografia-e-historia-4\/\" rel=\"bookmark\" style=\"color: #ffffff\">03 Sep: <span class=\"light\">Trabaja como profesor de geograf\u00eda e historia<\/span><\/a><\/div> <\/div> <div class=\"post-text\" style=\"color: #99a9b5\"> <div class=\"summary\"> <\/div> <\/div> <div class=\"info clearfix\"> <div class=\"post-footer-sharing\"><style type=\"text\/css\">.thegem-button-6a9b4ff96ae3c7449 .gem-button svg {fill: #ffffff;}<\/style><div class=\"gem-button-container gem-button-position-inline thegem-button-6a9b4ff96ae3c7449\" ><a class=\"gem-button gem-button-size-tiny gem-button-style-flat gem-button-text-weight-normal gem-button-empty\" data-ll-effect=\"drop-right-without-wrap\" style=\"border-radius: 3px;background-color: #171b2d;color: #ffffff;\" onmouseleave=\"this.style.backgroundColor='#171b2d';this.style.color='#ffffff';\" onmouseenter=\"\" href=\"#\" target=\"_self\" role=\"button\" aria-label=\"Share\"><i class=\"gem-print-icon gem-icon-pack-thegem-icons gem-icon-share \"><\/i><\/a><\/div> <div class=\"sharing-popup\"> <div class=\"socials-sharing socials socials-colored-hover\"> <a class=\"socials-item\" target=\"_blank\" href=\"https:\/\/www.facebook.com\/sharer\/sharer.php?u=https%3A%2F%2Fwww.cvexpres.com%2Fempleo-profesor%2Ftrabaja-como-profesor-de-geografia-e-historia-4%2F\" title=\"Facebook\"><i class=\"socials-item-icon facebook\"><\/i><\/a> <a class=\"socials-item\" target=\"_blank\" href=\"https:\/\/twitter.com\/intent\/tweet?text=Trabaja+como+profesor+de+geograf%C3%ADa+e+historia&#038;url=https%3A%2F%2Fwww.cvexpres.com%2Fempleo-profesor%2Ftrabaja-como-profesor-de-geografia-e-historia-4%2F\" title=\"Twitter\"><i class=\"socials-item-icon twitter\"><\/i><\/a> <a class=\"socials-item\" target=\"_blank\" href=\"https:\/\/pinterest.com\/pin\/create\/button\/?url=https%3A%2F%2Fwww.cvexpres.com%2Fempleo-profesor%2Ftrabaja-como-profesor-de-geografia-e-historia-4%2F&#038;description=Trabaja+como+profesor+de+geograf%C3%ADa+e+historia\" title=\"Pinterest\"><i class=\"socials-item-icon pinterest\"><\/i><\/a> <a class=\"socials-item\" target=\"_blank\" href=\"https:\/\/www.tumblr.com\/widgets\/share\/tool?canonicalUrl=https%3A%2F%2Fwww.cvexpres.com%2Fempleo-profesor%2Ftrabaja-como-profesor-de-geografia-e-historia-4%2F\" title=\"Tumblr\"><i class=\"socials-item-icon tumblr\"><\/i><\/a> <a class=\"socials-item\" target=\"_blank\" href=\"https:\/\/www.linkedin.com\/shareArticle?mini=true&#038;url=https%3A%2F%2Fwww.cvexpres.com%2Fempleo-profesor%2Ftrabaja-como-profesor-de-geografia-e-historia-4%2F&#038;title=Trabaja+como+profesor+de+geograf%C3%ADa+e+historia&amp;summary=%5Bvc_row%5D%5Bvc_column+width%3D%26%238221%3B1%2F6%26%238243%3B%5D%5B%2Fvc_column%5D%5Bvc_column+width%3D%26%238221%3B2%2F3%26%238243%3B%5D%5Bvc_column_text+css_animation%3D%26%238221%3Bnone%26%238221%3B%5D+Centro+de+Ense%C3%B1anza+%7C+Zaragoza+%5B%2Fvc_column_text%5D%5B%2Fvc_column%5D%5Bvc_column+width%3D%26%238221%3B1%2F6%26%238243%3B%5D%5B%2Fvc_column%5D%5B%2Fvc_row%5D%5Bvc_row+row_type%3D%26%238221%3Brow%26%238221%3B+use_row_as_full_screen_section%3D%26%238221%3Bno%26%238221%3B+type%3D%26%238221%3Bfull_width%26%238221%3B+angled_section%3D%26%238221%3Bno%26%238221%3B+text_align%3D%26%238221%3Bleft%26%238221%3B+background_image_as_pattern%3D%26%238221%3Bwithout_pattern%26%238221%3B%5D%5Bvc_column+width%3D%26%238221%3B1%2F2%26%238243%3B%5D%5Bvc_single_image+image%3D%26%238221%3B26005%26%238243%3B+img_size%3D%26%238221%3Bfull%26%238221%3B...\" title=\"LinkedIn\"><i class=\"socials-item-icon linkedin\"><\/i><\/a> <a class=\"socials-item\" target=\"_blank\" href=\"https:\/\/www.reddit.com\/submit?url=https%3A%2F%2Fwww.cvexpres.com%2Fempleo-profesor%2Ftrabaja-como-profesor-de-geografia-e-historia-4%2F&#038;title=Trabaja+como+profesor+de+geograf%C3%ADa+e+historia\" title=\"Reddit\"><i class=\"socials-item-icon reddit\"><\/i><\/a> <\/div> <svg class=\"sharing-styled-arrow\"><use xlink:href=\"https:\/\/www.cvexpres.com\/empleo-profesor\/wp-content\/themes\/thegem\/css\/post-arrow.svg#dec-post-arrow\"><\/use><\/svg><\/div><\/div> <div class=\"post-read-more\"><div class=\"gem-button-container gem-button-position-inline thegem-button-6a9b4ff96b1da1868\" ><a class=\"gem-button gem-button-size-tiny gem-button-style-outline gem-button-text-weight-normal gem-button-border-2\" data-ll-effect=\"drop-right-without-wrap\" style=\"border-radius: 3px;\" onmouseleave=\"\" onmouseenter=\"\" href=\"https:\/\/www.cvexpres.com\/empleo-profesor\/trabaja-como-profesor-de-geografia-e-historia-4\/\" target=\"_self\">Leer M\u00e1s<\/a><\/div> <\/div> <\/div> <\/div> <\/div>\n<\/article> <article id=\"post-26000\" class=\"col-lg-4 col-md-4 col-sm-6 col-xs-6 inline-column item-animations-not-inited post-26000 post type-post status-publish format-standard category-ofertas-de-empleo-para-profesores\"> <div class=\"post-content-wrapper\" style=\"background-color: #393d50;\"> <div class=\"description\"> <div class=\"post-meta-conteiner\"> <div class=\"post-meta-right\"> <span class=\"comments-link\"><a href=\"https:\/\/www.cvexpres.com\/empleo-profesor\/empleo-para-profesor-de-lengua-y-frances\/#respond\">0<\/a><\/span> <span class=\"post-meta-likes\"><a href=\"#\" class=\"zilla-likes\" id=\"zilla-likes-26000\" title=\"Like this\"><span class=\"zilla-likes-count\">0<\/span> <span class=\"zilla-likes-postfix\"><\/span><\/a><\/span> <\/div> <\/div> <div class=\"post-title\"> <div class=\"entry-title title-h4\"><a href=\"https:\/\/www.cvexpres.com\/empleo-profesor\/empleo-para-profesor-de-lengua-y-frances\/\" rel=\"bookmark\" style=\"color: #ffffff\">03 Sep: <span class=\"light\">Empleo para profesor de lengua y franc\u00e9s<\/span><\/a><\/div> <\/div> <div class=\"post-text\" style=\"color: #99a9b5\"> <div class=\"summary\"> <\/div> <\/div> <div class=\"info clearfix\"> <div class=\"post-footer-sharing\"><style type=\"text\/css\">.thegem-button-6a9b4ff96bdb06327 .gem-button svg {fill: #ffffff;}<\/style><div class=\"gem-button-container gem-button-position-inline thegem-button-6a9b4ff96bdb06327\" ><a class=\"gem-button gem-button-size-tiny gem-button-style-flat gem-button-text-weight-normal gem-button-empty\" data-ll-effect=\"drop-right-without-wrap\" style=\"border-radius: 3px;background-color: #171b2d;color: #ffffff;\" onmouseleave=\"this.style.backgroundColor='#171b2d';this.style.color='#ffffff';\" onmouseenter=\"\" href=\"#\" target=\"_self\" role=\"button\" aria-label=\"Share\"><i class=\"gem-print-icon gem-icon-pack-thegem-icons gem-icon-share \"><\/i><\/a><\/div> <div class=\"sharing-popup\"> <div class=\"socials-sharing socials socials-colored-hover\"> <a class=\"socials-item\" target=\"_blank\" href=\"https:\/\/www.facebook.com\/sharer\/sharer.php?u=https%3A%2F%2Fwww.cvexpres.com%2Fempleo-profesor%2Fempleo-para-profesor-de-lengua-y-frances%2F\" title=\"Facebook\"><i class=\"socials-item-icon facebook\"><\/i><\/a> <a class=\"socials-item\" target=\"_blank\" href=\"https:\/\/twitter.com\/intent\/tweet?text=Empleo+para+profesor+de+lengua+y+franc%C3%A9s&#038;url=https%3A%2F%2Fwww.cvexpres.com%2Fempleo-profesor%2Fempleo-para-profesor-de-lengua-y-frances%2F\" title=\"Twitter\"><i class=\"socials-item-icon twitter\"><\/i><\/a> <a class=\"socials-item\" target=\"_blank\" href=\"https:\/\/pinterest.com\/pin\/create\/button\/?url=https%3A%2F%2Fwww.cvexpres.com%2Fempleo-profesor%2Fempleo-para-profesor-de-lengua-y-frances%2F&#038;description=Empleo+para+profesor+de+lengua+y+franc%C3%A9s\" title=\"Pinterest\"><i class=\"socials-item-icon pinterest\"><\/i><\/a> <a class=\"socials-item\" target=\"_blank\" href=\"https:\/\/www.tumblr.com\/widgets\/share\/tool?canonicalUrl=https%3A%2F%2Fwww.cvexpres.com%2Fempleo-profesor%2Fempleo-para-profesor-de-lengua-y-frances%2F\" title=\"Tumblr\"><i class=\"socials-item-icon tumblr\"><\/i><\/a> <a class=\"socials-item\" target=\"_blank\" href=\"https:\/\/www.linkedin.com\/shareArticle?mini=true&#038;url=https%3A%2F%2Fwww.cvexpres.com%2Fempleo-profesor%2Fempleo-para-profesor-de-lengua-y-frances%2F&#038;title=Empleo+para+profesor+de+lengua+y+franc%C3%A9s&amp;summary=%5Bvc_row%5D%5Bvc_column+width%3D%26%238221%3B1%2F6%26%238243%3B%5D%5B%2Fvc_column%5D%5Bvc_column+width%3D%26%238221%3B2%2F3%26%238243%3B%5D%5Bvc_column_text+css_animation%3D%26%238221%3Bnone%26%238221%3B%5D+Centro+de+Ense%C3%B1anza+%7C+Zaragoza+%5B%2Fvc_column_text%5D%5B%2Fvc_column%5D%5Bvc_column+width%3D%26%238221%3B1%2F6%26%238243%3B%5D%5B%2Fvc_column%5D%5B%2Fvc_row%5D%5Bvc_row+row_type%3D%26%238221%3Brow%26%238221%3B+use_row_as_full_screen_section%3D%26%238221%3Bno%26%238221%3B+type%3D%26%238221%3Bfull_width%26%238221%3B+angled_section%3D%26%238221%3Bno%26%238221%3B+text_align%3D%26%238221%3Bleft%26%238221%3B+background_image_as_pattern%3D%26%238221%3Bwithout_pattern%26%238221%3B%5D%5Bvc_column+width%3D%26%238221%3B1%2F2%26%238243%3B%5D%5Bvc_single_image+image%3D%26%238221%3B26001%26%238243%3B+img_size%3D%26%238221%3Bfull%26%238221%3B...\" title=\"LinkedIn\"><i class=\"socials-item-icon linkedin\"><\/i><\/a> <a class=\"socials-item\" target=\"_blank\" href=\"https:\/\/www.reddit.com\/submit?url=https%3A%2F%2Fwww.cvexpres.com%2Fempleo-profesor%2Fempleo-para-profesor-de-lengua-y-frances%2F&#038;title=Empleo+para+profesor+de+lengua+y+franc%C3%A9s\" title=\"Reddit\"><i class=\"socials-item-icon reddit\"><\/i><\/a> <\/div> <svg class=\"sharing-styled-arrow\"><use xlink:href=\"https:\/\/www.cvexpres.com\/empleo-profesor\/wp-content\/themes\/thegem\/css\/post-arrow.svg#dec-post-arrow\"><\/use><\/svg><\/div><\/div> <div class=\"post-read-more\"><div class=\"gem-button-container gem-button-position-inline thegem-button-6a9b4ff96c0cd5276\" ><a class=\"gem-button gem-button-size-tiny gem-button-style-outline gem-button-text-weight-normal gem-button-border-2\" data-ll-effect=\"drop-right-without-wrap\" style=\"border-radius: 3px;\" onmouseleave=\"\" onmouseenter=\"\" href=\"https:\/\/www.cvexpres.com\/empleo-profesor\/empleo-para-profesor-de-lengua-y-frances\/\" target=\"_self\">Leer M\u00e1s<\/a><\/div> <\/div> <\/div> <\/div> <\/div>\n<\/article> <article id=\"post-25996\" class=\"col-lg-4 col-md-4 col-sm-6 col-xs-6 inline-column item-animations-not-inited post-25996 post type-post status-publish format-standard category-ofertas-de-empleo-para-profesores\"> <div class=\"post-content-wrapper\" style=\"background-color: #393d50;\"> <div class=\"description\"> <div class=\"post-meta-conteiner\"> <div class=\"post-meta-right\"> <span class=\"comments-link\"><a href=\"https:\/\/www.cvexpres.com\/empleo-profesor\/trabaja-como-profesor-de-educacion-especial\/#respond\">0<\/a><\/span> <span class=\"post-meta-likes\"><a href=\"#\" class=\"zilla-likes\" id=\"zilla-likes-25996\" title=\"Like this\"><span class=\"zilla-likes-count\">0<\/span> <span class=\"zilla-likes-postfix\"><\/span><\/a><\/span> <\/div> <\/div> <div class=\"post-title\"> <div class=\"entry-title title-h4\"><a href=\"https:\/\/www.cvexpres.com\/empleo-profesor\/trabaja-como-profesor-de-educacion-especial\/\" rel=\"bookmark\" style=\"color: #ffffff\">03 Sep: <span class=\"light\">Trabaja como profesor de educaci\u00f3n especial<\/span><\/a><\/div> <\/div> <div class=\"post-text\" style=\"color: #99a9b5\"> <div class=\"summary\"> <\/div> <\/div> <div class=\"info clearfix\"> <div class=\"post-footer-sharing\"><style type=\"text\/css\">.thegem-button-6a9b4ff96cc885132 .gem-button svg {fill: #ffffff;}<\/style><div class=\"gem-button-container gem-button-position-inline thegem-button-6a9b4ff96cc885132\" ><a class=\"gem-button gem-button-size-tiny gem-button-style-flat gem-button-text-weight-normal gem-button-empty\" data-ll-effect=\"drop-right-without-wrap\" style=\"border-radius: 3px;background-color: #171b2d;color: #ffffff;\" onmouseleave=\"this.style.backgroundColor='#171b2d';this.style.color='#ffffff';\" onmouseenter=\"\" href=\"#\" target=\"_self\" role=\"button\" aria-label=\"Share\"><i class=\"gem-print-icon gem-icon-pack-thegem-icons gem-icon-share \"><\/i><\/a><\/div> <div class=\"sharing-popup\"> <div class=\"socials-sharing socials socials-colored-hover\"> <a class=\"socials-item\" target=\"_blank\" href=\"https:\/\/www.facebook.com\/sharer\/sharer.php?u=https%3A%2F%2Fwww.cvexpres.com%2Fempleo-profesor%2Ftrabaja-como-profesor-de-educacion-especial%2F\" title=\"Facebook\"><i class=\"socials-item-icon facebook\"><\/i><\/a> <a class=\"socials-item\" target=\"_blank\" href=\"https:\/\/twitter.com\/intent\/tweet?text=Trabaja+como+profesor+de+educaci%C3%B3n+especial&#038;url=https%3A%2F%2Fwww.cvexpres.com%2Fempleo-profesor%2Ftrabaja-como-profesor-de-educacion-especial%2F\" title=\"Twitter\"><i class=\"socials-item-icon twitter\"><\/i><\/a> <a class=\"socials-item\" target=\"_blank\" href=\"https:\/\/pinterest.com\/pin\/create\/button\/?url=https%3A%2F%2Fwww.cvexpres.com%2Fempleo-profesor%2Ftrabaja-como-profesor-de-educacion-especial%2F&#038;description=Trabaja+como+profesor+de+educaci%C3%B3n+especial\" title=\"Pinterest\"><i class=\"socials-item-icon pinterest\"><\/i><\/a> <a class=\"socials-item\" target=\"_blank\" href=\"https:\/\/www.tumblr.com\/widgets\/share\/tool?canonicalUrl=https%3A%2F%2Fwww.cvexpres.com%2Fempleo-profesor%2Ftrabaja-como-profesor-de-educacion-especial%2F\" title=\"Tumblr\"><i class=\"socials-item-icon tumblr\"><\/i><\/a> <a class=\"socials-item\" target=\"_blank\" href=\"https:\/\/www.linkedin.com\/shareArticle?mini=true&#038;url=https%3A%2F%2Fwww.cvexpres.com%2Fempleo-profesor%2Ftrabaja-como-profesor-de-educacion-especial%2F&#038;title=Trabaja+como+profesor+de+educaci%C3%B3n+especial&amp;summary=%5Bvc_row%5D%5Bvc_column+width%3D%26%238221%3B1%2F6%26%238243%3B%5D%5B%2Fvc_column%5D%5Bvc_column+width%3D%26%238221%3B2%2F3%26%238243%3B%5D%5Bvc_column_text+css_animation%3D%26%238221%3Bnone%26%238221%3B%5D+Centro+de+Ense%C3%B1anza+%7C+Zaragoza+%5B%2Fvc_column_text%5D%5B%2Fvc_column%5D%5Bvc_column+width%3D%26%238221%3B1%2F6%26%238243%3B%5D%5B%2Fvc_column%5D%5B%2Fvc_row%5D%5Bvc_row+row_type%3D%26%238221%3Brow%26%238221%3B+use_row_as_full_screen_section%3D%26%238221%3Bno%26%238221%3B+type%3D%26%238221%3Bfull_width%26%238221%3B+angled_section%3D%26%238221%3Bno%26%238221%3B+text_align%3D%26%238221%3Bleft%26%238221%3B+background_image_as_pattern%3D%26%238221%3Bwithout_pattern%26%238221%3B%5D%5Bvc_column+width%3D%26%238221%3B1%2F2%26%238243%3B%5D%5Bvc_single_image+image%3D%26%238221%3B25997%26%238243%3B+img_size%3D%26%238221%3Bfull%26%238221%3B...\" title=\"LinkedIn\"><i class=\"socials-item-icon linkedin\"><\/i><\/a> <a class=\"socials-item\" target=\"_blank\" href=\"https:\/\/www.reddit.com\/submit?url=https%3A%2F%2Fwww.cvexpres.com%2Fempleo-profesor%2Ftrabaja-como-profesor-de-educacion-especial%2F&#038;title=Trabaja+como+profesor+de+educaci%C3%B3n+especial\" title=\"Reddit\"><i class=\"socials-item-icon reddit\"><\/i><\/a> <\/div> <svg class=\"sharing-styled-arrow\"><use xlink:href=\"https:\/\/www.cvexpres.com\/empleo-profesor\/wp-content\/themes\/thegem\/css\/post-arrow.svg#dec-post-arrow\"><\/use><\/svg><\/div><\/div> <div class=\"post-read-more\"><div class=\"gem-button-container gem-button-position-inline thegem-button-6a9b4ff96cf9a2554\" ><a class=\"gem-button gem-button-size-tiny gem-button-style-outline gem-button-text-weight-normal gem-button-border-2\" data-ll-effect=\"drop-right-without-wrap\" style=\"border-radius: 3px;\" onmouseleave=\"\" onmouseenter=\"\" href=\"https:\/\/www.cvexpres.com\/empleo-profesor\/trabaja-como-profesor-de-educacion-especial\/\" target=\"_self\">Leer M\u00e1s<\/a><\/div> <\/div> <\/div> <\/div> <\/div>\n<\/article> <article id=\"post-25992\" class=\"col-lg-4 col-md-4 col-sm-6 col-xs-6 inline-column item-animations-not-inited post-25992 post type-post status-publish format-standard category-ofertas-de-empleo-para-profesores\"> <div class=\"post-content-wrapper\" style=\"background-color: #393d50;\"> <div class=\"description\"> <div class=\"post-meta-conteiner\"> <div class=\"post-meta-right\"> <span class=\"comments-link\"><a href=\"https:\/\/www.cvexpres.com\/empleo-profesor\/empleo-para-maestro-de-primaria-con-ingles\/#respond\">0<\/a><\/span> <span class=\"post-meta-likes\"><a href=\"#\" class=\"zilla-likes\" id=\"zilla-likes-25992\" title=\"Like this\"><span class=\"zilla-likes-count\">0<\/span> <span class=\"zilla-likes-postfix\"><\/span><\/a><\/span> <\/div> <\/div> <div class=\"post-title\"> <div class=\"entry-title title-h4\"><a href=\"https:\/\/www.cvexpres.com\/empleo-profesor\/empleo-para-maestro-de-primaria-con-ingles\/\" rel=\"bookmark\" style=\"color: #ffffff\">03 Sep: <span class=\"light\">Empleo para maestro de primaria con ingl\u00e9s<\/span><\/a><\/div> <\/div> <div class=\"post-text\" style=\"color: #99a9b5\"> <div class=\"summary\"> <\/div> <\/div> <div class=\"info clearfix\"> <div class=\"post-footer-sharing\"><style type=\"text\/css\">.thegem-button-6a9b4ff96db3e8641 .gem-button svg {fill: #ffffff;}<\/style><div class=\"gem-button-container gem-button-position-inline thegem-button-6a9b4ff96db3e8641\" ><a class=\"gem-button gem-button-size-tiny gem-button-style-flat gem-button-text-weight-normal gem-button-empty\" data-ll-effect=\"drop-right-without-wrap\" style=\"border-radius: 3px;background-color: #171b2d;color: #ffffff;\" onmouseleave=\"this.style.backgroundColor='#171b2d';this.style.color='#ffffff';\" onmouseenter=\"\" href=\"#\" target=\"_self\" role=\"button\" aria-label=\"Share\"><i class=\"gem-print-icon gem-icon-pack-thegem-icons gem-icon-share \"><\/i><\/a><\/div> <div class=\"sharing-popup\"> <div class=\"socials-sharing socials socials-colored-hover\"> <a class=\"socials-item\" target=\"_blank\" href=\"https:\/\/www.facebook.com\/sharer\/sharer.php?u=https%3A%2F%2Fwww.cvexpres.com%2Fempleo-profesor%2Fempleo-para-maestro-de-primaria-con-ingles%2F\" title=\"Facebook\"><i class=\"socials-item-icon facebook\"><\/i><\/a> <a class=\"socials-item\" target=\"_blank\" href=\"https:\/\/twitter.com\/intent\/tweet?text=Empleo+para+maestro+de+primaria+con+ingl%C3%A9s&#038;url=https%3A%2F%2Fwww.cvexpres.com%2Fempleo-profesor%2Fempleo-para-maestro-de-primaria-con-ingles%2F\" title=\"Twitter\"><i class=\"socials-item-icon twitter\"><\/i><\/a> <a class=\"socials-item\" target=\"_blank\" href=\"https:\/\/pinterest.com\/pin\/create\/button\/?url=https%3A%2F%2Fwww.cvexpres.com%2Fempleo-profesor%2Fempleo-para-maestro-de-primaria-con-ingles%2F&#038;description=Empleo+para+maestro+de+primaria+con+ingl%C3%A9s\" title=\"Pinterest\"><i class=\"socials-item-icon pinterest\"><\/i><\/a> <a class=\"socials-item\" target=\"_blank\" href=\"https:\/\/www.tumblr.com\/widgets\/share\/tool?canonicalUrl=https%3A%2F%2Fwww.cvexpres.com%2Fempleo-profesor%2Fempleo-para-maestro-de-primaria-con-ingles%2F\" title=\"Tumblr\"><i class=\"socials-item-icon tumblr\"><\/i><\/a> <a class=\"socials-item\" target=\"_blank\" href=\"https:\/\/www.linkedin.com\/shareArticle?mini=true&#038;url=https%3A%2F%2Fwww.cvexpres.com%2Fempleo-profesor%2Fempleo-para-maestro-de-primaria-con-ingles%2F&#038;title=Empleo+para+maestro+de+primaria+con+ingl%C3%A9s&amp;summary=%5Bvc_row%5D%5Bvc_column+width%3D%26%238221%3B1%2F6%26%238243%3B%5D%5B%2Fvc_column%5D%5Bvc_column+width%3D%26%238221%3B2%2F3%26%238243%3B%5D%5Bvc_column_text+css_animation%3D%26%238221%3Bnone%26%238221%3B%5D+Centro+de+Ense%C3%B1anza+%7C+Zaragoza+%5B%2Fvc_column_text%5D%5B%2Fvc_column%5D%5Bvc_column+width%3D%26%238221%3B1%2F6%26%238243%3B%5D%5B%2Fvc_column%5D%5B%2Fvc_row%5D%5Bvc_row+row_type%3D%26%238221%3Brow%26%238221%3B+use_row_as_full_screen_section%3D%26%238221%3Bno%26%238221%3B+type%3D%26%238221%3Bfull_width%26%238221%3B+angled_section%3D%26%238221%3Bno%26%238221%3B+text_align%3D%26%238221%3Bleft%26%238221%3B+background_image_as_pattern%3D%26%238221%3Bwithout_pattern%26%238221%3B%5D%5Bvc_column+width%3D%26%238221%3B1%2F2%26%238243%3B%5D%5Bvc_single_image+image%3D%26%238221%3B25993%26%238243%3B+img_size%3D%26%238221%3Bfull%26%238221%3B...\" title=\"LinkedIn\"><i class=\"socials-item-icon linkedin\"><\/i><\/a> <a class=\"socials-item\" target=\"_blank\" href=\"https:\/\/www.reddit.com\/submit?url=https%3A%2F%2Fwww.cvexpres.com%2Fempleo-profesor%2Fempleo-para-maestro-de-primaria-con-ingles%2F&#038;title=Empleo+para+maestro+de+primaria+con+ingl%C3%A9s\" title=\"Reddit\"><i class=\"socials-item-icon reddit\"><\/i><\/a> <\/div> <svg class=\"sharing-styled-arrow\"><use xlink:href=\"https:\/\/www.cvexpres.com\/empleo-profesor\/wp-content\/themes\/thegem\/css\/post-arrow.svg#dec-post-arrow\"><\/use><\/svg><\/div><\/div> <div class=\"post-read-more\"><div class=\"gem-button-container gem-button-position-inline thegem-button-6a9b4ff96de5c8243\" ><a class=\"gem-button gem-button-size-tiny gem-button-style-outline gem-button-text-weight-normal gem-button-border-2\" data-ll-effect=\"drop-right-without-wrap\" style=\"border-radius: 3px;\" onmouseleave=\"\" onmouseenter=\"\" href=\"https:\/\/www.cvexpres.com\/empleo-profesor\/empleo-para-maestro-de-primaria-con-ingles\/\" target=\"_self\">Leer M\u00e1s<\/a><\/div> <\/div> <\/div> <\/div> <\/div>\n<\/article> <article id=\"post-25987\" class=\"col-lg-4 col-md-4 col-sm-6 col-xs-6 inline-column item-animations-not-inited post-25987 post type-post status-publish format-standard category-ofertas-de-empleo-para-profesores\"> <div class=\"post-content-wrapper\" style=\"background-color: #393d50;\"> <div class=\"description\"> <div class=\"post-meta-conteiner\"> <div class=\"post-meta-right\"> <span class=\"comments-link\"><a href=\"https:\/\/www.cvexpres.com\/empleo-profesor\/trabaja-como-maestro-de-infantil-y-primaria-2\/#respond\">0<\/a><\/span> <span class=\"post-meta-likes\"><a href=\"#\" class=\"zilla-likes\" id=\"zilla-likes-25987\" title=\"Like this\"><span class=\"zilla-likes-count\">0<\/span> <span class=\"zilla-likes-postfix\"><\/span><\/a><\/span> <\/div> <\/div> <div class=\"post-title\"> <div class=\"entry-title title-h4\"><a href=\"https:\/\/www.cvexpres.com\/empleo-profesor\/trabaja-como-maestro-de-infantil-y-primaria-2\/\" rel=\"bookmark\" style=\"color: #ffffff\">03 Sep: <span class=\"light\">Trabaja como maestro de infantil y primaria<\/span><\/a><\/div> <\/div> <div class=\"post-text\" style=\"color: #99a9b5\"> <div class=\"summary\"> <\/div> <\/div> <div class=\"info clearfix\"> <div class=\"post-footer-sharing\"><style type=\"text\/css\">.thegem-button-6a9b4ff96e9fa9289 .gem-button svg {fill: #ffffff;}<\/style><div class=\"gem-button-container gem-button-position-inline thegem-button-6a9b4ff96e9fa9289\" ><a class=\"gem-button gem-button-size-tiny gem-button-style-flat gem-button-text-weight-normal gem-button-empty\" data-ll-effect=\"drop-right-without-wrap\" style=\"border-radius: 3px;background-color: #171b2d;color: #ffffff;\" onmouseleave=\"this.style.backgroundColor='#171b2d';this.style.color='#ffffff';\" onmouseenter=\"\" href=\"#\" target=\"_self\" role=\"button\" aria-label=\"Share\"><i class=\"gem-print-icon gem-icon-pack-thegem-icons gem-icon-share \"><\/i><\/a><\/div> <div class=\"sharing-popup\"> <div class=\"socials-sharing socials socials-colored-hover\"> <a class=\"socials-item\" target=\"_blank\" href=\"https:\/\/www.facebook.com\/sharer\/sharer.php?u=https%3A%2F%2Fwww.cvexpres.com%2Fempleo-profesor%2Ftrabaja-como-maestro-de-infantil-y-primaria-2%2F\" title=\"Facebook\"><i class=\"socials-item-icon facebook\"><\/i><\/a> <a class=\"socials-item\" target=\"_blank\" href=\"https:\/\/twitter.com\/intent\/tweet?text=Trabaja+como+maestro+de+infantil+y+primaria&#038;url=https%3A%2F%2Fwww.cvexpres.com%2Fempleo-profesor%2Ftrabaja-como-maestro-de-infantil-y-primaria-2%2F\" title=\"Twitter\"><i class=\"socials-item-icon twitter\"><\/i><\/a> <a class=\"socials-item\" target=\"_blank\" href=\"https:\/\/pinterest.com\/pin\/create\/button\/?url=https%3A%2F%2Fwww.cvexpres.com%2Fempleo-profesor%2Ftrabaja-como-maestro-de-infantil-y-primaria-2%2F&#038;description=Trabaja+como+maestro+de+infantil+y+primaria\" title=\"Pinterest\"><i class=\"socials-item-icon pinterest\"><\/i><\/a> <a class=\"socials-item\" target=\"_blank\" href=\"https:\/\/www.tumblr.com\/widgets\/share\/tool?canonicalUrl=https%3A%2F%2Fwww.cvexpres.com%2Fempleo-profesor%2Ftrabaja-como-maestro-de-infantil-y-primaria-2%2F\" title=\"Tumblr\"><i class=\"socials-item-icon tumblr\"><\/i><\/a> <a class=\"socials-item\" target=\"_blank\" href=\"https:\/\/www.linkedin.com\/shareArticle?mini=true&#038;url=https%3A%2F%2Fwww.cvexpres.com%2Fempleo-profesor%2Ftrabaja-como-maestro-de-infantil-y-primaria-2%2F&#038;title=Trabaja+como+maestro+de+infantil+y+primaria&amp;summary=%5Bvc_row%5D%5Bvc_column+width%3D%26%238221%3B1%2F6%26%238243%3B%5D%5B%2Fvc_column%5D%5Bvc_column+width%3D%26%238221%3B2%2F3%26%238243%3B%5D%5Bvc_column_text+css_animation%3D%26%238221%3Bnone%26%238221%3B%5D+Centro+de+Ense%C3%B1anza+%7C+Zaragoza+%5B%2Fvc_column_text%5D%5B%2Fvc_column%5D%5Bvc_column+width%3D%26%238221%3B1%2F6%26%238243%3B%5D%5B%2Fvc_column%5D%5B%2Fvc_row%5D%5Bvc_row+row_type%3D%26%238221%3Brow%26%238221%3B+use_row_as_full_screen_section%3D%26%238221%3Bno%26%238221%3B+type%3D%26%238221%3Bfull_width%26%238221%3B+angled_section%3D%26%238221%3Bno%26%238221%3B+text_align%3D%26%238221%3Bleft%26%238221%3B+background_image_as_pattern%3D%26%238221%3Bwithout_pattern%26%238221%3B%5D%5Bvc_column+width%3D%26%238221%3B1%2F2%26%238243%3B%5D%5Bvc_single_image+image%3D%26%238221%3B25989%26%238243%3B+img_size%3D%26%238221%3Bfull%26%238221%3B...\" title=\"LinkedIn\"><i class=\"socials-item-icon linkedin\"><\/i><\/a> <a class=\"socials-item\" target=\"_blank\" href=\"https:\/\/www.reddit.com\/submit?url=https%3A%2F%2Fwww.cvexpres.com%2Fempleo-profesor%2Ftrabaja-como-maestro-de-infantil-y-primaria-2%2F&#038;title=Trabaja+como+maestro+de+infantil+y+primaria\" title=\"Reddit\"><i class=\"socials-item-icon reddit\"><\/i><\/a> <\/div> <svg class=\"sharing-styled-arrow\"><use xlink:href=\"https:\/\/www.cvexpres.com\/empleo-profesor\/wp-content\/themes\/thegem\/css\/post-arrow.svg#dec-post-arrow\"><\/use><\/svg><\/div><\/div> <div class=\"post-read-more\"><div class=\"gem-button-container gem-button-position-inline thegem-button-6a9b4ff96ed228226\" ><a class=\"gem-button gem-button-size-tiny gem-button-style-outline gem-button-text-weight-normal gem-button-border-2\" data-ll-effect=\"drop-right-without-wrap\" style=\"border-radius: 3px;\" onmouseleave=\"\" onmouseenter=\"\" href=\"https:\/\/www.cvexpres.com\/empleo-profesor\/trabaja-como-maestro-de-infantil-y-primaria-2\/\" target=\"_self\">Leer M\u00e1s<\/a><\/div> <\/div> <\/div> <\/div> <\/div>\n<\/article> <article id=\"post-25983\" class=\"col-lg-4 col-md-4 col-sm-6 col-xs-6 inline-column item-animations-not-inited post-25983 post type-post status-publish format-standard category-ofertas-de-empleo-para-profesores\"> <div class=\"post-content-wrapper\" style=\"background-color: #393d50;\"> <div class=\"description\"> <div class=\"post-meta-conteiner\"> <div class=\"post-meta-right\"> <span class=\"comments-link\"><a href=\"https:\/\/www.cvexpres.com\/empleo-profesor\/25983-2\/#respond\">0<\/a><\/span> <span class=\"post-meta-likes\"><a href=\"#\" class=\"zilla-likes\" id=\"zilla-likes-25983\" title=\"Like this\"><span class=\"zilla-likes-count\">0<\/span> <span class=\"zilla-likes-postfix\"><\/span><\/a><\/span> <\/div> <\/div> <div class=\"post-title\"> <div class=\"entry-title title-h4\"><a href=\"https:\/\/www.cvexpres.com\/empleo-profesor\/25983-2\/\" rel=\"bookmark\" style=\"color: #ffffff\">03 Sep: <span class=\"light\">Empleo para maestro de infantil<\/span><\/a><\/div> <\/div> <div class=\"post-text\" style=\"color: #99a9b5\"> <div class=\"summary\"> <\/div> <\/div> <div class=\"info clearfix\"> <div class=\"post-footer-sharing\"><style type=\"text\/css\">.thegem-button-6a9b4ff96f8dc7725 .gem-button svg {fill: #ffffff;}<\/style><div class=\"gem-button-container gem-button-position-inline thegem-button-6a9b4ff96f8dc7725\" ><a class=\"gem-button gem-button-size-tiny gem-button-style-flat gem-button-text-weight-normal gem-button-empty\" data-ll-effect=\"drop-right-without-wrap\" style=\"border-radius: 3px;background-color: #171b2d;color: #ffffff;\" onmouseleave=\"this.style.backgroundColor='#171b2d';this.style.color='#ffffff';\" onmouseenter=\"\" href=\"#\" target=\"_self\" role=\"button\" aria-label=\"Share\"><i class=\"gem-print-icon gem-icon-pack-thegem-icons gem-icon-share \"><\/i><\/a><\/div> <div class=\"sharing-popup\"> <div class=\"socials-sharing socials socials-colored-hover\"> <a class=\"socials-item\" target=\"_blank\" href=\"https:\/\/www.facebook.com\/sharer\/sharer.php?u=https%3A%2F%2Fwww.cvexpres.com%2Fempleo-profesor%2F25983-2%2F\" title=\"Facebook\"><i class=\"socials-item-icon facebook\"><\/i><\/a> <a class=\"socials-item\" target=\"_blank\" href=\"https:\/\/twitter.com\/intent\/tweet?text=Empleo+para+maestro+de+infantil&#038;url=https%3A%2F%2Fwww.cvexpres.com%2Fempleo-profesor%2F25983-2%2F\" title=\"Twitter\"><i class=\"socials-item-icon twitter\"><\/i><\/a> <a class=\"socials-item\" target=\"_blank\" href=\"https:\/\/pinterest.com\/pin\/create\/button\/?url=https%3A%2F%2Fwww.cvexpres.com%2Fempleo-profesor%2F25983-2%2F&#038;description=Empleo+para+maestro+de+infantil\" title=\"Pinterest\"><i class=\"socials-item-icon pinterest\"><\/i><\/a> <a class=\"socials-item\" target=\"_blank\" href=\"https:\/\/www.tumblr.com\/widgets\/share\/tool?canonicalUrl=https%3A%2F%2Fwww.cvexpres.com%2Fempleo-profesor%2F25983-2%2F\" title=\"Tumblr\"><i class=\"socials-item-icon tumblr\"><\/i><\/a> <a class=\"socials-item\" target=\"_blank\" href=\"https:\/\/www.linkedin.com\/shareArticle?mini=true&#038;url=https%3A%2F%2Fwww.cvexpres.com%2Fempleo-profesor%2F25983-2%2F&#038;title=Empleo+para+maestro+de+infantil&amp;summary=%5Bvc_row%5D%5Bvc_column+width%3D%26%238221%3B1%2F6%26%238243%3B%5D%5B%2Fvc_column%5D%5Bvc_column+width%3D%26%238221%3B2%2F3%26%238243%3B%5D%5Bvc_column_text+css_animation%3D%26%238221%3Bnone%26%238221%3B%5D+Centro+de+Ense%C3%B1anza+%7C+Tarazona+%5B%2Fvc_column_text%5D%5B%2Fvc_column%5D%5Bvc_column+width%3D%26%238221%3B1%2F6%26%238243%3B%5D%5B%2Fvc_column%5D%5B%2Fvc_row%5D%5Bvc_row+row_type%3D%26%238221%3Brow%26%238221%3B+use_row_as_full_screen_section%3D%26%238221%3Bno%26%238221%3B+type%3D%26%238221%3Bfull_width%26%238221%3B+angled_section%3D%26%238221%3Bno%26%238221%3B+text_align%3D%26%238221%3Bleft%26%238221%3B+background_image_as_pattern%3D%26%238221%3Bwithout_pattern%26%238221%3B%5D%5Bvc_column+width%3D%26%238221%3B1%2F2%26%238243%3B%5D%5Bvc_single_image+image%3D%26%238221%3B25984%26%238243%3B+img_size%3D%26%238221%3Bfull%26%238221%3B...\" title=\"LinkedIn\"><i class=\"socials-item-icon linkedin\"><\/i><\/a> <a class=\"socials-item\" target=\"_blank\" href=\"https:\/\/www.reddit.com\/submit?url=https%3A%2F%2Fwww.cvexpres.com%2Fempleo-profesor%2F25983-2%2F&#038;title=Empleo+para+maestro+de+infantil\" title=\"Reddit\"><i class=\"socials-item-icon reddit\"><\/i><\/a> <\/div> <svg class=\"sharing-styled-arrow\"><use xlink:href=\"https:\/\/www.cvexpres.com\/empleo-profesor\/wp-content\/themes\/thegem\/css\/post-arrow.svg#dec-post-arrow\"><\/use><\/svg><\/div><\/div> <div class=\"post-read-more\"><div class=\"gem-button-container gem-button-position-inline thegem-button-6a9b4ff96fbe76551\" ><a class=\"gem-button gem-button-size-tiny gem-button-style-outline gem-button-text-weight-normal gem-button-border-2\" data-ll-effect=\"drop-right-without-wrap\" style=\"border-radius: 3px;\" onmouseleave=\"\" onmouseenter=\"\" href=\"https:\/\/www.cvexpres.com\/empleo-profesor\/25983-2\/\" target=\"_self\">Leer M\u00e1s<\/a><\/div> <\/div> <\/div> <\/div> <\/div>\n<\/article> <article id=\"post-25980\" class=\"col-lg-4 col-md-4 col-sm-6 col-xs-6 inline-column item-animations-not-inited post-25980 post type-post status-publish format-standard category-ofertas-de-empleo-para-profesores\"> <div class=\"post-content-wrapper\" style=\"background-color: #393d50;\"> <div class=\"description\"> <div class=\"post-meta-conteiner\"> <div class=\"post-meta-right\"> <span class=\"comments-link\"><a href=\"https:\/\/www.cvexpres.com\/empleo-profesor\/trabaja-como-profesor-de-educacion-primaria\/#respond\">0<\/a><\/span> <span class=\"post-meta-likes\"><a href=\"#\" class=\"zilla-likes\" id=\"zilla-likes-25980\" title=\"Like this\"><span class=\"zilla-likes-count\">0<\/span> <span class=\"zilla-likes-postfix\"><\/span><\/a><\/span> <\/div> <\/div> <div class=\"post-title\"> <div class=\"entry-title title-h4\"><a href=\"https:\/\/www.cvexpres.com\/empleo-profesor\/trabaja-como-profesor-de-educacion-primaria\/\" rel=\"bookmark\" style=\"color: #ffffff\">03 Sep: <span class=\"light\">Trabaja como profesor de educaci\u00f3n primaria<\/span><\/a><\/div> <\/div> <div class=\"post-text\" style=\"color: #99a9b5\"> <div class=\"summary\"> <\/div> <\/div> <div class=\"info clearfix\"> <div class=\"post-footer-sharing\"><style type=\"text\/css\">.thegem-button-6a9b4ff9708352468 .gem-button svg {fill: #ffffff;}<\/style><div class=\"gem-button-container gem-button-position-inline thegem-button-6a9b4ff9708352468\" ><a class=\"gem-button gem-button-size-tiny gem-button-style-flat gem-button-text-weight-normal gem-button-empty\" data-ll-effect=\"drop-right-without-wrap\" style=\"border-radius: 3px;background-color: #171b2d;color: #ffffff;\" onmouseleave=\"this.style.backgroundColor='#171b2d';this.style.color='#ffffff';\" onmouseenter=\"\" href=\"#\" target=\"_self\" role=\"button\" aria-label=\"Share\"><i class=\"gem-print-icon gem-icon-pack-thegem-icons gem-icon-share \"><\/i><\/a><\/div> <div class=\"sharing-popup\"> <div class=\"socials-sharing socials socials-colored-hover\"> <a class=\"socials-item\" target=\"_blank\" href=\"https:\/\/www.facebook.com\/sharer\/sharer.php?u=https%3A%2F%2Fwww.cvexpres.com%2Fempleo-profesor%2Ftrabaja-como-profesor-de-educacion-primaria%2F\" title=\"Facebook\"><i class=\"socials-item-icon facebook\"><\/i><\/a> <a class=\"socials-item\" target=\"_blank\" href=\"https:\/\/twitter.com\/intent\/tweet?text=Trabaja+como+profesor+de+educaci%C3%B3n+primaria&#038;url=https%3A%2F%2Fwww.cvexpres.com%2Fempleo-profesor%2Ftrabaja-como-profesor-de-educacion-primaria%2F\" title=\"Twitter\"><i class=\"socials-item-icon twitter\"><\/i><\/a> <a class=\"socials-item\" target=\"_blank\" href=\"https:\/\/pinterest.com\/pin\/create\/button\/?url=https%3A%2F%2Fwww.cvexpres.com%2Fempleo-profesor%2Ftrabaja-como-profesor-de-educacion-primaria%2F&#038;description=Trabaja+como+profesor+de+educaci%C3%B3n+primaria\" title=\"Pinterest\"><i class=\"socials-item-icon pinterest\"><\/i><\/a> <a class=\"socials-item\" target=\"_blank\" href=\"https:\/\/www.tumblr.com\/widgets\/share\/tool?canonicalUrl=https%3A%2F%2Fwww.cvexpres.com%2Fempleo-profesor%2Ftrabaja-como-profesor-de-educacion-primaria%2F\" title=\"Tumblr\"><i class=\"socials-item-icon tumblr\"><\/i><\/a> <a class=\"socials-item\" target=\"_blank\" href=\"https:\/\/www.linkedin.com\/shareArticle?mini=true&#038;url=https%3A%2F%2Fwww.cvexpres.com%2Fempleo-profesor%2Ftrabaja-como-profesor-de-educacion-primaria%2F&#038;title=Trabaja+como+profesor+de+educaci%C3%B3n+primaria&amp;summary=%5Bvc_row%5D%5Bvc_column+width%3D%26%238221%3B1%2F6%26%238243%3B%5D%5B%2Fvc_column%5D%5Bvc_column+width%3D%26%238221%3B2%2F3%26%238243%3B%5D%5Bvc_column_text+css_animation%3D%26%238221%3Bnone%26%238221%3B%5D+Centro+de+Ense%C3%B1anza+%7C+Tarazona+%5B%2Fvc_column_text%5D%5B%2Fvc_column%5D%5Bvc_column+width%3D%26%238221%3B1%2F6%26%238243%3B%5D%5B%2Fvc_column%5D%5B%2Fvc_row%5D%5Bvc_row+row_type%3D%26%238221%3Brow%26%238221%3B+use_row_as_full_screen_section%3D%26%238221%3Bno%26%238221%3B+type%3D%26%238221%3Bfull_width%26%238221%3B+angled_section%3D%26%238221%3Bno%26%238221%3B+text_align%3D%26%238221%3Bleft%26%238221%3B+background_image_as_pattern%3D%26%238221%3Bwithout_pattern%26%238221%3B%5D%5Bvc_column+width%3D%26%238221%3B1%2F2%26%238243%3B%5D%5Bvc_single_image+image%3D%26%238221%3B25981%26%238243%3B+img_size%3D%26%238221%3Bfull%26%238221%3B...\" title=\"LinkedIn\"><i class=\"socials-item-icon linkedin\"><\/i><\/a> <a class=\"socials-item\" target=\"_blank\" href=\"https:\/\/www.reddit.com\/submit?url=https%3A%2F%2Fwww.cvexpres.com%2Fempleo-profesor%2Ftrabaja-como-profesor-de-educacion-primaria%2F&#038;title=Trabaja+como+profesor+de+educaci%C3%B3n+primaria\" title=\"Reddit\"><i class=\"socials-item-icon reddit\"><\/i><\/a> <\/div> <svg class=\"sharing-styled-arrow\"><use xlink:href=\"https:\/\/www.cvexpres.com\/empleo-profesor\/wp-content\/themes\/thegem\/css\/post-arrow.svg#dec-post-arrow\"><\/use><\/svg><\/div><\/div> <div class=\"post-read-more\"><div class=\"gem-button-container gem-button-position-inline thegem-button-6a9b4ff970b656016\" ><a class=\"gem-button gem-button-size-tiny gem-button-style-outline gem-button-text-weight-normal gem-button-border-2\" data-ll-effect=\"drop-right-without-wrap\" style=\"border-radius: 3px;\" onmouseleave=\"\" onmouseenter=\"\" href=\"https:\/\/www.cvexpres.com\/empleo-profesor\/trabaja-como-profesor-de-educacion-primaria\/\" target=\"_self\">Leer M\u00e1s<\/a><\/div> <\/div> <\/div> <\/div> <\/div>\n<\/article> <article id=\"post-25976\" class=\"col-lg-4 col-md-4 col-sm-6 col-xs-6 inline-column item-animations-not-inited post-25976 post type-post status-publish format-standard category-ofertas-de-empleo-para-profesores\"> <div class=\"post-content-wrapper\" style=\"background-color: #393d50;\"> <div class=\"description\"> <div class=\"post-meta-conteiner\"> <div class=\"post-meta-right\"> <span class=\"comments-link\"><a href=\"https:\/\/www.cvexpres.com\/empleo-profesor\/trabaja-como-profesor-de-pedagogia-terapeutica-y-audicion-y-lenguaje-2\/#respond\">0<\/a><\/span> <span class=\"post-meta-likes\"><a href=\"#\" class=\"zilla-likes\" id=\"zilla-likes-25976\" title=\"Like this\"><span class=\"zilla-likes-count\">0<\/span> <span class=\"zilla-likes-postfix\"><\/span><\/a><\/span> <\/div> <\/div> <div class=\"post-title\"> <div class=\"entry-title title-h4\"><a href=\"https:\/\/www.cvexpres.com\/empleo-profesor\/trabaja-como-profesor-de-pedagogia-terapeutica-y-audicion-y-lenguaje-2\/\" rel=\"bookmark\" style=\"color: #ffffff\">03 Sep: <span class=\"light\">Trabaja como profesor de pedagog\u00eda terap\u00e9utica y audici\u00f3n y lenguaje<\/span><\/a><\/div> <\/div> <div class=\"post-text\" style=\"color: #99a9b5\"> <div class=\"summary\"> <\/div> <\/div> <div class=\"info clearfix\"> <div class=\"post-footer-sharing\"><style type=\"text\/css\">.thegem-button-6a9b4ff9717a01127 .gem-button svg {fill: #ffffff;}<\/style><div class=\"gem-button-container gem-button-position-inline thegem-button-6a9b4ff9717a01127\" ><a class=\"gem-button gem-button-size-tiny gem-button-style-flat gem-button-text-weight-normal gem-button-empty\" data-ll-effect=\"drop-right-without-wrap\" style=\"border-radius: 3px;background-color: #171b2d;color: #ffffff;\" onmouseleave=\"this.style.backgroundColor='#171b2d';this.style.color='#ffffff';\" onmouseenter=\"\" href=\"#\" target=\"_self\" role=\"button\" aria-label=\"Share\"><i class=\"gem-print-icon gem-icon-pack-thegem-icons gem-icon-share \"><\/i><\/a><\/div> <div class=\"sharing-popup\"> <div class=\"socials-sharing socials socials-colored-hover\"> <a class=\"socials-item\" target=\"_blank\" href=\"https:\/\/www.facebook.com\/sharer\/sharer.php?u=https%3A%2F%2Fwww.cvexpres.com%2Fempleo-profesor%2Ftrabaja-como-profesor-de-pedagogia-terapeutica-y-audicion-y-lenguaje-2%2F\" title=\"Facebook\"><i class=\"socials-item-icon facebook\"><\/i><\/a> <a class=\"socials-item\" target=\"_blank\" href=\"https:\/\/twitter.com\/intent\/tweet?text=Trabaja+como+profesor+de+pedagog%C3%ADa+terap%C3%A9utica+y+audici%C3%B3n+y+lenguaje&#038;url=https%3A%2F%2Fwww.cvexpres.com%2Fempleo-profesor%2Ftrabaja-como-profesor-de-pedagogia-terapeutica-y-audicion-y-lenguaje-2%2F\" title=\"Twitter\"><i class=\"socials-item-icon twitter\"><\/i><\/a> <a class=\"socials-item\" target=\"_blank\" href=\"https:\/\/pinterest.com\/pin\/create\/button\/?url=https%3A%2F%2Fwww.cvexpres.com%2Fempleo-profesor%2Ftrabaja-como-profesor-de-pedagogia-terapeutica-y-audicion-y-lenguaje-2%2F&#038;description=Trabaja+como+profesor+de+pedagog%C3%ADa+terap%C3%A9utica+y+audici%C3%B3n+y+lenguaje\" title=\"Pinterest\"><i class=\"socials-item-icon pinterest\"><\/i><\/a> <a class=\"socials-item\" target=\"_blank\" href=\"https:\/\/www.tumblr.com\/widgets\/share\/tool?canonicalUrl=https%3A%2F%2Fwww.cvexpres.com%2Fempleo-profesor%2Ftrabaja-como-profesor-de-pedagogia-terapeutica-y-audicion-y-lenguaje-2%2F\" title=\"Tumblr\"><i class=\"socials-item-icon tumblr\"><\/i><\/a> <a class=\"socials-item\" target=\"_blank\" href=\"https:\/\/www.linkedin.com\/shareArticle?mini=true&#038;url=https%3A%2F%2Fwww.cvexpres.com%2Fempleo-profesor%2Ftrabaja-como-profesor-de-pedagogia-terapeutica-y-audicion-y-lenguaje-2%2F&#038;title=Trabaja+como+profesor+de+pedagog%C3%ADa+terap%C3%A9utica+y+audici%C3%B3n+y+lenguaje&amp;summary=%5Bvc_row%5D%5Bvc_column+width%3D%26%238221%3B1%2F6%26%238243%3B%5D%5B%2Fvc_column%5D%5Bvc_column+width%3D%26%238221%3B2%2F3%26%238243%3B%5D%5Bvc_column_text+css_animation%3D%26%238221%3Bnone%26%238221%3B%5D+Centro+de+Ense%C3%B1anza+%7C+Murcia+%5B%2Fvc_column_text%5D%5B%2Fvc_column%5D%5Bvc_column+width%3D%26%238221%3B1%2F6%26%238243%3B%5D%5B%2Fvc_column%5D%5B%2Fvc_row%5D%5Bvc_row+row_type%3D%26%238221%3Brow%26%238221%3B+use_row_as_full_screen_section%3D%26%238221%3Bno%26%238221%3B+type%3D%26%238221%3Bfull_width%26%238221%3B+angled_section%3D%26%238221%3Bno%26%238221%3B+text_align%3D%26%238221%3Bleft%26%238221%3B+background_image_as_pattern%3D%26%238221%3Bwithout_pattern%26%238221%3B%5D%5Bvc_column+width%3D%26%238221%3B1%2F2%26%238243%3B%5D%5Bvc_single_image+image%3D%26%238221%3B25977%26%238243%3B+img_size%3D%26%238221%3Bfull%26%238221%3B...\" title=\"LinkedIn\"><i class=\"socials-item-icon linkedin\"><\/i><\/a> <a class=\"socials-item\" target=\"_blank\" href=\"https:\/\/www.reddit.com\/submit?url=https%3A%2F%2Fwww.cvexpres.com%2Fempleo-profesor%2Ftrabaja-como-profesor-de-pedagogia-terapeutica-y-audicion-y-lenguaje-2%2F&#038;title=Trabaja+como+profesor+de+pedagog%C3%ADa+terap%C3%A9utica+y+audici%C3%B3n+y+lenguaje\" title=\"Reddit\"><i class=\"socials-item-icon reddit\"><\/i><\/a> <\/div> <svg class=\"sharing-styled-arrow\"><use xlink:href=\"https:\/\/www.cvexpres.com\/empleo-profesor\/wp-content\/themes\/thegem\/css\/post-arrow.svg#dec-post-arrow\"><\/use><\/svg><\/div><\/div> <div class=\"post-read-more\"><div class=\"gem-button-container gem-button-position-inline thegem-button-6a9b4ff971aba4711\" ><a class=\"gem-button gem-button-size-tiny gem-button-style-outline gem-button-text-weight-normal gem-button-border-2\" data-ll-effect=\"drop-right-without-wrap\" style=\"border-radius: 3px;\" onmouseleave=\"\" onmouseenter=\"\" href=\"https:\/\/www.cvexpres.com\/empleo-profesor\/trabaja-como-profesor-de-pedagogia-terapeutica-y-audicion-y-lenguaje-2\/\" target=\"_self\">Leer M\u00e1s<\/a><\/div> <\/div> <\/div> <\/div> <\/div>\n<\/article> <article id=\"post-25973\" class=\"col-lg-4 col-md-4 col-sm-6 col-xs-6 inline-column item-animations-not-inited post-25973 post type-post status-publish format-standard category-ofertas-de-empleo-para-profesores\"> <div class=\"post-content-wrapper\" style=\"background-color: #393d50;\"> <div class=\"description\"> <div class=\"post-meta-conteiner\"> <div class=\"post-meta-right\"> <span class=\"comments-link\"><a href=\"https:\/\/www.cvexpres.com\/empleo-profesor\/empleo-para-profesor-de-artes-y-humanidades\/#respond\">0<\/a><\/span> <span class=\"post-meta-likes\"><a href=\"#\" class=\"zilla-likes\" id=\"zilla-likes-25973\" title=\"Like this\"><span class=\"zilla-likes-count\">0<\/span> <span class=\"zilla-likes-postfix\"><\/span><\/a><\/span> <\/div> <\/div> <div class=\"post-title\"> <div class=\"entry-title title-h4\"><a href=\"https:\/\/www.cvexpres.com\/empleo-profesor\/empleo-para-profesor-de-artes-y-humanidades\/\" rel=\"bookmark\" style=\"color: #ffffff\">03 Sep: <span class=\"light\">Empleo para profesor de artes y humanidades<\/span><\/a><\/div> <\/div> <div class=\"post-text\" style=\"color: #99a9b5\"> <div class=\"summary\"> <\/div> <\/div> <div class=\"info clearfix\"> <div class=\"post-footer-sharing\"><style type=\"text\/css\">.thegem-button-6a9b4ff9726f38982 .gem-button svg {fill: #ffffff;}<\/style><div class=\"gem-button-container gem-button-position-inline thegem-button-6a9b4ff9726f38982\" ><a class=\"gem-button gem-button-size-tiny gem-button-style-flat gem-button-text-weight-normal gem-button-empty\" data-ll-effect=\"drop-right-without-wrap\" style=\"border-radius: 3px;background-color: #171b2d;color: #ffffff;\" onmouseleave=\"this.style.backgroundColor='#171b2d';this.style.color='#ffffff';\" onmouseenter=\"\" href=\"#\" target=\"_self\" role=\"button\" aria-label=\"Share\"><i class=\"gem-print-icon gem-icon-pack-thegem-icons gem-icon-share \"><\/i><\/a><\/div> <div class=\"sharing-popup\"> <div class=\"socials-sharing socials socials-colored-hover\"> <a class=\"socials-item\" target=\"_blank\" href=\"https:\/\/www.facebook.com\/sharer\/sharer.php?u=https%3A%2F%2Fwww.cvexpres.com%2Fempleo-profesor%2Fempleo-para-profesor-de-artes-y-humanidades%2F\" title=\"Facebook\"><i class=\"socials-item-icon facebook\"><\/i><\/a> <a class=\"socials-item\" target=\"_blank\" href=\"https:\/\/twitter.com\/intent\/tweet?text=Empleo+para+profesor+de+artes+y+humanidades&#038;url=https%3A%2F%2Fwww.cvexpres.com%2Fempleo-profesor%2Fempleo-para-profesor-de-artes-y-humanidades%2F\" title=\"Twitter\"><i class=\"socials-item-icon twitter\"><\/i><\/a> <a class=\"socials-item\" target=\"_blank\" href=\"https:\/\/pinterest.com\/pin\/create\/button\/?url=https%3A%2F%2Fwww.cvexpres.com%2Fempleo-profesor%2Fempleo-para-profesor-de-artes-y-humanidades%2F&#038;description=Empleo+para+profesor+de+artes+y+humanidades\" title=\"Pinterest\"><i class=\"socials-item-icon pinterest\"><\/i><\/a> <a class=\"socials-item\" target=\"_blank\" href=\"https:\/\/www.tumblr.com\/widgets\/share\/tool?canonicalUrl=https%3A%2F%2Fwww.cvexpres.com%2Fempleo-profesor%2Fempleo-para-profesor-de-artes-y-humanidades%2F\" title=\"Tumblr\"><i class=\"socials-item-icon tumblr\"><\/i><\/a> <a class=\"socials-item\" target=\"_blank\" href=\"https:\/\/www.linkedin.com\/shareArticle?mini=true&#038;url=https%3A%2F%2Fwww.cvexpres.com%2Fempleo-profesor%2Fempleo-para-profesor-de-artes-y-humanidades%2F&#038;title=Empleo+para+profesor+de+artes+y+humanidades&amp;summary=%5Bvc_row%5D%5Bvc_column+width%3D%26%238221%3B1%2F6%26%238243%3B%5D%5B%2Fvc_column%5D%5Bvc_column+width%3D%26%238221%3B2%2F3%26%238243%3B%5D%5Bvc_column_text+css_animation%3D%26%238221%3Bnone%26%238221%3B%5D+Centro+de+Ense%C3%B1anza+%7C+Murcia+%5B%2Fvc_column_text%5D%5B%2Fvc_column%5D%5Bvc_column+width%3D%26%238221%3B1%2F6%26%238243%3B%5D%5B%2Fvc_column%5D%5B%2Fvc_row%5D%5Bvc_row+row_type%3D%26%238221%3Brow%26%238221%3B+use_row_as_full_screen_section%3D%26%238221%3Bno%26%238221%3B+type%3D%26%238221%3Bfull_width%26%238221%3B+angled_section%3D%26%238221%3Bno%26%238221%3B+text_align%3D%26%238221%3Bleft%26%238221%3B+background_image_as_pattern%3D%26%238221%3Bwithout_pattern%26%238221%3B%5D%5Bvc_column+width%3D%26%238221%3B1%2F2%26%238243%3B%5D%5Bvc_single_image+image%3D%26%238221%3B25974%26%238243%3B+img_size%3D%26%238221%3Bfull%26%238221%3B...\" title=\"LinkedIn\"><i class=\"socials-item-icon linkedin\"><\/i><\/a> <a class=\"socials-item\" target=\"_blank\" href=\"https:\/\/www.reddit.com\/submit?url=https%3A%2F%2Fwww.cvexpres.com%2Fempleo-profesor%2Fempleo-para-profesor-de-artes-y-humanidades%2F&#038;title=Empleo+para+profesor+de+artes+y+humanidades\" title=\"Reddit\"><i class=\"socials-item-icon reddit\"><\/i><\/a> <\/div> <svg class=\"sharing-styled-arrow\"><use xlink:href=\"https:\/\/www.cvexpres.com\/empleo-profesor\/wp-content\/themes\/thegem\/css\/post-arrow.svg#dec-post-arrow\"><\/use><\/svg><\/div><\/div> <div class=\"post-read-more\"><div class=\"gem-button-container gem-button-position-inline thegem-button-6a9b4ff972a163167\" ><a class=\"gem-button gem-button-size-tiny gem-button-style-outline gem-button-text-weight-normal gem-button-border-2\" data-ll-effect=\"drop-right-without-wrap\" style=\"border-radius: 3px;\" onmouseleave=\"\" onmouseenter=\"\" href=\"https:\/\/www.cvexpres.com\/empleo-profesor\/empleo-para-profesor-de-artes-y-humanidades\/\" target=\"_self\">Leer M\u00e1s<\/a><\/div> <\/div> <\/div> <\/div> <\/div>\n<\/article> <article id=\"post-25970\" class=\"col-lg-4 col-md-4 col-sm-6 col-xs-6 inline-column item-animations-not-inited post-25970 post type-post status-publish format-standard category-ofertas-de-empleo-para-profesores\"> <div class=\"post-content-wrapper\" style=\"background-color: #393d50;\"> <div class=\"description\"> <div class=\"post-meta-conteiner\"> <div class=\"post-meta-right\"> <span class=\"comments-link\"><a href=\"https:\/\/www.cvexpres.com\/empleo-profesor\/oferta-de-trabajo-para-profesor-de-digitalizacion-y-matematicas\/#respond\">0<\/a><\/span> <span class=\"post-meta-likes\"><a href=\"#\" class=\"zilla-likes\" id=\"zilla-likes-25970\" title=\"Like this\"><span class=\"zilla-likes-count\">0<\/span> <span class=\"zilla-likes-postfix\"><\/span><\/a><\/span> <\/div> <\/div> <div class=\"post-title\"> <div class=\"entry-title title-h4\"><a href=\"https:\/\/www.cvexpres.com\/empleo-profesor\/oferta-de-trabajo-para-profesor-de-digitalizacion-y-matematicas\/\" rel=\"bookmark\" style=\"color: #ffffff\">03 Sep: <span class=\"light\">Oferta de trabajo para profesor de digitalizaci\u00f3n y matem\u00e1ticas<\/span><\/a><\/div> <\/div> <div class=\"post-text\" style=\"color: #99a9b5\"> <div class=\"summary\"> <\/div> <\/div> <div class=\"info clearfix\"> <div class=\"post-footer-sharing\"><style type=\"text\/css\">.thegem-button-6a9b4ff9736aa6086 .gem-button svg {fill: #ffffff;}<\/style><div class=\"gem-button-container gem-button-position-inline thegem-button-6a9b4ff9736aa6086\" ><a class=\"gem-button gem-button-size-tiny gem-button-style-flat gem-button-text-weight-normal gem-button-empty\" data-ll-effect=\"drop-right-without-wrap\" style=\"border-radius: 3px;background-color: #171b2d;color: #ffffff;\" onmouseleave=\"this.style.backgroundColor='#171b2d';this.style.color='#ffffff';\" onmouseenter=\"\" href=\"#\" target=\"_self\" role=\"button\" aria-label=\"Share\"><i class=\"gem-print-icon gem-icon-pack-thegem-icons gem-icon-share \"><\/i><\/a><\/div> <div class=\"sharing-popup\"> <div class=\"socials-sharing socials socials-colored-hover\"> <a class=\"socials-item\" target=\"_blank\" href=\"https:\/\/www.facebook.com\/sharer\/sharer.php?u=https%3A%2F%2Fwww.cvexpres.com%2Fempleo-profesor%2Foferta-de-trabajo-para-profesor-de-digitalizacion-y-matematicas%2F\" title=\"Facebook\"><i class=\"socials-item-icon facebook\"><\/i><\/a> <a class=\"socials-item\" target=\"_blank\" href=\"https:\/\/twitter.com\/intent\/tweet?text=Oferta+de+trabajo+para+profesor+de+digitalizaci%C3%B3n+y+matem%C3%A1ticas&#038;url=https%3A%2F%2Fwww.cvexpres.com%2Fempleo-profesor%2Foferta-de-trabajo-para-profesor-de-digitalizacion-y-matematicas%2F\" title=\"Twitter\"><i class=\"socials-item-icon twitter\"><\/i><\/a> <a class=\"socials-item\" target=\"_blank\" href=\"https:\/\/pinterest.com\/pin\/create\/button\/?url=https%3A%2F%2Fwww.cvexpres.com%2Fempleo-profesor%2Foferta-de-trabajo-para-profesor-de-digitalizacion-y-matematicas%2F&#038;description=Oferta+de+trabajo+para+profesor+de+digitalizaci%C3%B3n+y+matem%C3%A1ticas\" title=\"Pinterest\"><i class=\"socials-item-icon pinterest\"><\/i><\/a> <a class=\"socials-item\" target=\"_blank\" href=\"https:\/\/www.tumblr.com\/widgets\/share\/tool?canonicalUrl=https%3A%2F%2Fwww.cvexpres.com%2Fempleo-profesor%2Foferta-de-trabajo-para-profesor-de-digitalizacion-y-matematicas%2F\" title=\"Tumblr\"><i class=\"socials-item-icon tumblr\"><\/i><\/a> <a class=\"socials-item\" target=\"_blank\" href=\"https:\/\/www.linkedin.com\/shareArticle?mini=true&#038;url=https%3A%2F%2Fwww.cvexpres.com%2Fempleo-profesor%2Foferta-de-trabajo-para-profesor-de-digitalizacion-y-matematicas%2F&#038;title=Oferta+de+trabajo+para+profesor+de+digitalizaci%C3%B3n+y+matem%C3%A1ticas&amp;summary=%5Bvc_row%5D%5Bvc_column+width%3D%26%238221%3B1%2F6%26%238243%3B%5D%5B%2Fvc_column%5D%5Bvc_column+width%3D%26%238221%3B2%2F3%26%238243%3B%5D%5Bvc_column_text+css_animation%3D%26%238221%3Bnone%26%238221%3B%5D+Centro+de+Ense%C3%B1anza+%7C+Cartagena+%5B%2Fvc_column_text%5D%5B%2Fvc_column%5D%5Bvc_column+width%3D%26%238221%3B1%2F6%26%238243%3B%5D%5B%2Fvc_column%5D%5B%2Fvc_row%5D%5Bvc_row+row_type%3D%26%238221%3Brow%26%238221%3B+use_row_as_full_screen_section%3D%26%238221%3Bno%26%238221%3B+type%3D%26%238221%3Bfull_width%26%238221%3B+angled_section%3D%26%238221%3Bno%26%238221%3B+text_align%3D%26%238221%3Bleft%26%238221%3B+background_image_as_pattern%3D%26%238221%3Bwithout_pattern%26%238221%3B%5D%5Bvc_column+width%3D%26%238221%3B1%2F2%26%238243%3B%5D%5Bvc_single_image+image%3D%26%238221%3B25971%26%238243%3B+img_size%3D%26%238221%3Bfull%26%238221%3B...\" title=\"LinkedIn\"><i class=\"socials-item-icon linkedin\"><\/i><\/a> <a class=\"socials-item\" target=\"_blank\" href=\"https:\/\/www.reddit.com\/submit?url=https%3A%2F%2Fwww.cvexpres.com%2Fempleo-profesor%2Foferta-de-trabajo-para-profesor-de-digitalizacion-y-matematicas%2F&#038;title=Oferta+de+trabajo+para+profesor+de+digitalizaci%C3%B3n+y+matem%C3%A1ticas\" title=\"Reddit\"><i class=\"socials-item-icon reddit\"><\/i><\/a> <\/div> <svg class=\"sharing-styled-arrow\"><use xlink:href=\"https:\/\/www.cvexpres.com\/empleo-profesor\/wp-content\/themes\/thegem\/css\/post-arrow.svg#dec-post-arrow\"><\/use><\/svg><\/div><\/div> <div class=\"post-read-more\"><div class=\"gem-button-container gem-button-position-inline thegem-button-6a9b4ff9739ea5780\" ><a class=\"gem-button gem-button-size-tiny gem-button-style-outline gem-button-text-weight-normal gem-button-border-2\" data-ll-effect=\"drop-right-without-wrap\" style=\"border-radius: 3px;\" onmouseleave=\"\" onmouseenter=\"\" href=\"https:\/\/www.cvexpres.com\/empleo-profesor\/oferta-de-trabajo-para-profesor-de-digitalizacion-y-matematicas\/\" target=\"_self\">Leer M\u00e1s<\/a><\/div> <\/div> <\/div> <\/div> <\/div>\n<\/article> <article id=\"post-25966\" class=\"col-lg-4 col-md-4 col-sm-6 col-xs-6 inline-column item-animations-not-inited post-25966 post type-post status-publish format-standard category-ofertas-de-empleo-para-profesores\"> <div class=\"post-content-wrapper\" style=\"background-color: #393d50;\"> <div class=\"description\"> <div class=\"post-meta-conteiner\"> <div class=\"post-meta-right\"> <span class=\"comments-link\"><a href=\"https:\/\/www.cvexpres.com\/empleo-profesor\/25966-2\/#respond\">0<\/a><\/span> <span class=\"post-meta-likes\"><a href=\"#\" class=\"zilla-likes\" id=\"zilla-likes-25966\" title=\"Like this\"><span class=\"zilla-likes-count\">0<\/span> <span class=\"zilla-likes-postfix\"><\/span><\/a><\/span> <\/div> <\/div> <div class=\"post-title\"> <div class=\"entry-title title-h4\"><a href=\"https:\/\/www.cvexpres.com\/empleo-profesor\/25966-2\/\" rel=\"bookmark\" style=\"color: #ffffff\">03 Sep: <span class=\"light\">Empleo para maestro de audici\u00f3n y lenguaje<\/span><\/a><\/div> <\/div> <div class=\"post-text\" style=\"color: #99a9b5\"> <div class=\"summary\"> <\/div> <\/div> <div class=\"info clearfix\"> <div class=\"post-footer-sharing\"><style type=\"text\/css\">.thegem-button-6a9b4ff97469b8900 .gem-button svg {fill: #ffffff;}<\/style><div class=\"gem-button-container gem-button-position-inline thegem-button-6a9b4ff97469b8900\" ><a class=\"gem-button gem-button-size-tiny gem-button-style-flat gem-button-text-weight-normal gem-button-empty\" data-ll-effect=\"drop-right-without-wrap\" style=\"border-radius: 3px;background-color: #171b2d;color: #ffffff;\" onmouseleave=\"this.style.backgroundColor='#171b2d';this.style.color='#ffffff';\" onmouseenter=\"\" href=\"#\" target=\"_self\" role=\"button\" aria-label=\"Share\"><i class=\"gem-print-icon gem-icon-pack-thegem-icons gem-icon-share \"><\/i><\/a><\/div> <div class=\"sharing-popup\"> <div class=\"socials-sharing socials socials-colored-hover\"> <a class=\"socials-item\" target=\"_blank\" href=\"https:\/\/www.facebook.com\/sharer\/sharer.php?u=https%3A%2F%2Fwww.cvexpres.com%2Fempleo-profesor%2F25966-2%2F\" title=\"Facebook\"><i class=\"socials-item-icon facebook\"><\/i><\/a> <a class=\"socials-item\" target=\"_blank\" href=\"https:\/\/twitter.com\/intent\/tweet?text=Empleo+para+maestro+de+audici%C3%B3n+y+lenguaje&#038;url=https%3A%2F%2Fwww.cvexpres.com%2Fempleo-profesor%2F25966-2%2F\" title=\"Twitter\"><i class=\"socials-item-icon twitter\"><\/i><\/a> <a class=\"socials-item\" target=\"_blank\" href=\"https:\/\/pinterest.com\/pin\/create\/button\/?url=https%3A%2F%2Fwww.cvexpres.com%2Fempleo-profesor%2F25966-2%2F&#038;description=Empleo+para+maestro+de+audici%C3%B3n+y+lenguaje\" title=\"Pinterest\"><i class=\"socials-item-icon pinterest\"><\/i><\/a> <a class=\"socials-item\" target=\"_blank\" href=\"https:\/\/www.tumblr.com\/widgets\/share\/tool?canonicalUrl=https%3A%2F%2Fwww.cvexpres.com%2Fempleo-profesor%2F25966-2%2F\" title=\"Tumblr\"><i class=\"socials-item-icon tumblr\"><\/i><\/a> <a class=\"socials-item\" target=\"_blank\" href=\"https:\/\/www.linkedin.com\/shareArticle?mini=true&#038;url=https%3A%2F%2Fwww.cvexpres.com%2Fempleo-profesor%2F25966-2%2F&#038;title=Empleo+para+maestro+de+audici%C3%B3n+y+lenguaje&amp;summary=%5Bvc_row%5D%5Bvc_column+width%3D%26%238221%3B1%2F6%26%238243%3B%5D%5B%2Fvc_column%5D%5Bvc_column+width%3D%26%238221%3B2%2F3%26%238243%3B%5D%5Bvc_column_text+css_animation%3D%26%238221%3Bnone%26%238221%3B%5D+Centro+de+Ense%C3%B1anza+%7C+Paseo+del+Malec%C3%B3n+%5B%2Fvc_column_text%5D%5B%2Fvc_column%5D%5Bvc_column+width%3D%26%238221%3B1%2F6%26%238243%3B%5D%5B%2Fvc_column%5D%5B%2Fvc_row%5D%5Bvc_row+row_type%3D%26%238221%3Brow%26%238221%3B+use_row_as_full_screen_section%3D%26%238221%3Bno%26%238221%3B+type%3D%26%238221%3Bfull_width%26%238221%3B+angled_section%3D%26%238221%3Bno%26%238221%3B+text_align%3D%26%238221%3Bleft%26%238221%3B+background_image_as_pattern%3D%26%238221%3Bwithout_pattern%26%238221%3B%5D%5Bvc_column+width%3D%26%238221%3B1%2F2%26%238243%3B%5D%5Bvc_single_image...\" title=\"LinkedIn\"><i class=\"socials-item-icon linkedin\"><\/i><\/a> <a class=\"socials-item\" target=\"_blank\" href=\"https:\/\/www.reddit.com\/submit?url=https%3A%2F%2Fwww.cvexpres.com%2Fempleo-profesor%2F25966-2%2F&#038;title=Empleo+para+maestro+de+audici%C3%B3n+y+lenguaje\" title=\"Reddit\"><i class=\"socials-item-icon reddit\"><\/i><\/a> <\/div> <svg class=\"sharing-styled-arrow\"><use xlink:href=\"https:\/\/www.cvexpres.com\/empleo-profesor\/wp-content\/themes\/thegem\/css\/post-arrow.svg#dec-post-arrow\"><\/use><\/svg><\/div><\/div> <div class=\"post-read-more\"><div class=\"gem-button-container gem-button-position-inline thegem-button-6a9b4ff9749cd7441\" ><a class=\"gem-button gem-button-size-tiny gem-button-style-outline gem-button-text-weight-normal gem-button-border-2\" data-ll-effect=\"drop-right-without-wrap\" style=\"border-radius: 3px;\" onmouseleave=\"\" onmouseenter=\"\" href=\"https:\/\/www.cvexpres.com\/empleo-profesor\/25966-2\/\" target=\"_self\">Leer M\u00e1s<\/a><\/div> <\/div> <\/div> <\/div> <\/div>\n<\/article> <article id=\"post-25958\" class=\"col-lg-4 col-md-4 col-sm-6 col-xs-6 inline-column item-animations-not-inited post-25958 post type-post status-publish format-standard category-ofertas-de-empleo-para-profesores\"> <div class=\"post-content-wrapper\" style=\"background-color: #393d50;\"> <div class=\"description\"> <div class=\"post-meta-conteiner\"> <div class=\"post-meta-right\"> <span class=\"comments-link\"><a href=\"https:\/\/www.cvexpres.com\/empleo-profesor\/trabaja-como-profesor-de-odontologia\/#respond\">0<\/a><\/span> <span class=\"post-meta-likes\"><a href=\"#\" class=\"zilla-likes\" id=\"zilla-likes-25958\" title=\"Like this\"><span class=\"zilla-likes-count\">1<\/span> <span class=\"zilla-likes-postfix\"><\/span><\/a><\/span> <\/div> <\/div> <div class=\"post-title\"> <div class=\"entry-title title-h4\"><a href=\"https:\/\/www.cvexpres.com\/empleo-profesor\/trabaja-como-profesor-de-odontologia\/\" rel=\"bookmark\" style=\"color: #ffffff\">20 Ago: <span class=\"light\">Trabaja como profesor de odontolog\u00eda<\/span><\/a><\/div> <\/div> <div class=\"post-text\" style=\"color: #99a9b5\"> <div class=\"summary\"> <\/div> <\/div> <div class=\"info clearfix\"> <div class=\"post-footer-sharing\"><style type=\"text\/css\">.thegem-button-6a9b4ff9755853581 .gem-button svg {fill: #ffffff;}<\/style><div class=\"gem-button-container gem-button-position-inline thegem-button-6a9b4ff9755853581\" ><a class=\"gem-button gem-button-size-tiny gem-button-style-flat gem-button-text-weight-normal gem-button-empty\" data-ll-effect=\"drop-right-without-wrap\" style=\"border-radius: 3px;background-color: #171b2d;color: #ffffff;\" onmouseleave=\"this.style.backgroundColor='#171b2d';this.style.color='#ffffff';\" onmouseenter=\"\" href=\"#\" target=\"_self\" role=\"button\" aria-label=\"Share\"><i class=\"gem-print-icon gem-icon-pack-thegem-icons gem-icon-share \"><\/i><\/a><\/div> <div class=\"sharing-popup\"> <div class=\"socials-sharing socials socials-colored-hover\"> <a class=\"socials-item\" target=\"_blank\" href=\"https:\/\/www.facebook.com\/sharer\/sharer.php?u=https%3A%2F%2Fwww.cvexpres.com%2Fempleo-profesor%2Ftrabaja-como-profesor-de-odontologia%2F\" title=\"Facebook\"><i class=\"socials-item-icon facebook\"><\/i><\/a> <a class=\"socials-item\" target=\"_blank\" href=\"https:\/\/twitter.com\/intent\/tweet?text=Trabaja+como+profesor+de+odontolog%C3%ADa&#038;url=https%3A%2F%2Fwww.cvexpres.com%2Fempleo-profesor%2Ftrabaja-como-profesor-de-odontologia%2F\" title=\"Twitter\"><i class=\"socials-item-icon twitter\"><\/i><\/a> <a class=\"socials-item\" target=\"_blank\" href=\"https:\/\/pinterest.com\/pin\/create\/button\/?url=https%3A%2F%2Fwww.cvexpres.com%2Fempleo-profesor%2Ftrabaja-como-profesor-de-odontologia%2F&#038;description=Trabaja+como+profesor+de+odontolog%C3%ADa\" title=\"Pinterest\"><i class=\"socials-item-icon pinterest\"><\/i><\/a> <a class=\"socials-item\" target=\"_blank\" href=\"https:\/\/www.tumblr.com\/widgets\/share\/tool?canonicalUrl=https%3A%2F%2Fwww.cvexpres.com%2Fempleo-profesor%2Ftrabaja-como-profesor-de-odontologia%2F\" title=\"Tumblr\"><i class=\"socials-item-icon tumblr\"><\/i><\/a> <a class=\"socials-item\" target=\"_blank\" href=\"https:\/\/www.linkedin.com\/shareArticle?mini=true&#038;url=https%3A%2F%2Fwww.cvexpres.com%2Fempleo-profesor%2Ftrabaja-como-profesor-de-odontologia%2F&#038;title=Trabaja+como+profesor+de+odontolog%C3%ADa&amp;summary=%5Bvc_row%5D%5Bvc_column+width%3D%26%238221%3B1%2F6%26%238243%3B%5D%5B%2Fvc_column%5D%5Bvc_column+width%3D%26%238221%3B2%2F3%26%238243%3B%5D%5Bvc_column_text+css%3D%26%238221%3B%26%238221%3B%5D+Centro+de+Ense%C3%B1anza+%7C+Sevilla+%5B%2Fvc_column_text%5D%5B%2Fvc_column%5D%5Bvc_column+width%3D%26%238221%3B1%2F6%26%238243%3B%5D%5B%2Fvc_column%5D%5B%2Fvc_row%5D%5Bvc_row+row_type%3D%26%238221%3Brow%26%238221%3B+use_row_as_full_screen_section%3D%26%238221%3Bno%26%238221%3B+type%3D%26%238221%3Bfull_width%26%238221%3B+angled_section%3D%26%238221%3Bno%26%238221%3B+text_align%3D%26%238221%3Bleft%26%238221%3B+background_image_as_pattern%3D%26%238221%3Bwithout_pattern%26%238221%3B%5D%5Bvc_column+width%3D%26%238221%3B1%2F2%26%238243%3B%5D%5Bvc_single_image+image%3D%26%238221%3B25959%26%238243%3B+img_size%3D%26%238221%3Bfull%26%238221%3B...\" title=\"LinkedIn\"><i class=\"socials-item-icon linkedin\"><\/i><\/a> <a class=\"socials-item\" target=\"_blank\" href=\"https:\/\/www.reddit.com\/submit?url=https%3A%2F%2Fwww.cvexpres.com%2Fempleo-profesor%2Ftrabaja-como-profesor-de-odontologia%2F&#038;title=Trabaja+como+profesor+de+odontolog%C3%ADa\" title=\"Reddit\"><i class=\"socials-item-icon reddit\"><\/i><\/a> <\/div> <svg class=\"sharing-styled-arrow\"><use xlink:href=\"https:\/\/www.cvexpres.com\/empleo-profesor\/wp-content\/themes\/thegem\/css\/post-arrow.svg#dec-post-arrow\"><\/use><\/svg><\/div><\/div> <div class=\"post-read-more\"><div class=\"gem-button-container gem-button-position-inline thegem-button-6a9b4ff9758a33805\" ><a class=\"gem-button gem-button-size-tiny gem-button-style-outline gem-button-text-weight-normal gem-button-border-2\" data-ll-effect=\"drop-right-without-wrap\" style=\"border-radius: 3px;\" onmouseleave=\"\" onmouseenter=\"\" href=\"https:\/\/www.cvexpres.com\/empleo-profesor\/trabaja-como-profesor-de-odontologia\/\" target=\"_self\">Leer M\u00e1s<\/a><\/div> <\/div> <\/div> <\/div> <\/div>\n<\/article> <article id=\"post-25955\" class=\"col-lg-4 col-md-4 col-sm-6 col-xs-6 inline-column item-animations-not-inited post-25955 post type-post status-publish format-standard category-ofertas-de-empleo-para-profesores\"> <div class=\"post-content-wrapper\" style=\"background-color: #393d50;\"> <div class=\"description\"> <div class=\"post-meta-conteiner\"> <div class=\"post-meta-right\"> <span class=\"comments-link\"><a href=\"https:\/\/www.cvexpres.com\/empleo-profesor\/empleo-para-profesor-aeronautico\/#respond\">0<\/a><\/span> <span class=\"post-meta-likes\"><a href=\"#\" class=\"zilla-likes\" id=\"zilla-likes-25955\" title=\"Like this\"><span class=\"zilla-likes-count\">1<\/span> <span class=\"zilla-likes-postfix\"><\/span><\/a><\/span> <\/div> <\/div> <div class=\"post-title\"> <div class=\"entry-title title-h4\"><a href=\"https:\/\/www.cvexpres.com\/empleo-profesor\/empleo-para-profesor-aeronautico\/\" rel=\"bookmark\" style=\"color: #ffffff\">20 Ago: <span class=\"light\">Empleo para profesor aeron\u00e1utico<\/span><\/a><\/div> <\/div> <div class=\"post-text\" style=\"color: #99a9b5\"> <div class=\"summary\"> <\/div> <\/div> <div class=\"info clearfix\"> <div class=\"post-footer-sharing\"><style type=\"text\/css\">.thegem-button-6a9b4ff976448667 .gem-button svg {fill: #ffffff;}<\/style><div class=\"gem-button-container gem-button-position-inline thegem-button-6a9b4ff976448667\" ><a class=\"gem-button gem-button-size-tiny gem-button-style-flat gem-button-text-weight-normal gem-button-empty\" data-ll-effect=\"drop-right-without-wrap\" style=\"border-radius: 3px;background-color: #171b2d;color: #ffffff;\" onmouseleave=\"this.style.backgroundColor='#171b2d';this.style.color='#ffffff';\" onmouseenter=\"\" href=\"#\" target=\"_self\" role=\"button\" aria-label=\"Share\"><i class=\"gem-print-icon gem-icon-pack-thegem-icons gem-icon-share \"><\/i><\/a><\/div> <div class=\"sharing-popup\"> <div class=\"socials-sharing socials socials-colored-hover\"> <a class=\"socials-item\" target=\"_blank\" href=\"https:\/\/www.facebook.com\/sharer\/sharer.php?u=https%3A%2F%2Fwww.cvexpres.com%2Fempleo-profesor%2Fempleo-para-profesor-aeronautico%2F\" title=\"Facebook\"><i class=\"socials-item-icon facebook\"><\/i><\/a> <a class=\"socials-item\" target=\"_blank\" href=\"https:\/\/twitter.com\/intent\/tweet?text=Empleo+para+profesor+aeron%C3%A1utico&#038;url=https%3A%2F%2Fwww.cvexpres.com%2Fempleo-profesor%2Fempleo-para-profesor-aeronautico%2F\" title=\"Twitter\"><i class=\"socials-item-icon twitter\"><\/i><\/a> <a class=\"socials-item\" target=\"_blank\" href=\"https:\/\/pinterest.com\/pin\/create\/button\/?url=https%3A%2F%2Fwww.cvexpres.com%2Fempleo-profesor%2Fempleo-para-profesor-aeronautico%2F&#038;description=Empleo+para+profesor+aeron%C3%A1utico\" title=\"Pinterest\"><i class=\"socials-item-icon pinterest\"><\/i><\/a> <a class=\"socials-item\" target=\"_blank\" href=\"https:\/\/www.tumblr.com\/widgets\/share\/tool?canonicalUrl=https%3A%2F%2Fwww.cvexpres.com%2Fempleo-profesor%2Fempleo-para-profesor-aeronautico%2F\" title=\"Tumblr\"><i class=\"socials-item-icon tumblr\"><\/i><\/a> <a class=\"socials-item\" target=\"_blank\" href=\"https:\/\/www.linkedin.com\/shareArticle?mini=true&#038;url=https%3A%2F%2Fwww.cvexpres.com%2Fempleo-profesor%2Fempleo-para-profesor-aeronautico%2F&#038;title=Empleo+para+profesor+aeron%C3%A1utico&amp;summary=%5Bvc_row%5D%5Bvc_column+width%3D%26%238221%3B1%2F6%26%238243%3B%5D%5B%2Fvc_column%5D%5Bvc_column+width%3D%26%238221%3B2%2F3%26%238243%3B%5D%5Bvc_column_text+css%3D%26%238221%3B%26%238221%3B%5D+Centro+de+Ense%C3%B1anza+%7C+Sevilla+%5B%2Fvc_column_text%5D%5B%2Fvc_column%5D%5Bvc_column+width%3D%26%238221%3B1%2F6%26%238243%3B%5D%5B%2Fvc_column%5D%5B%2Fvc_row%5D%5Bvc_row+row_type%3D%26%238221%3Brow%26%238221%3B+use_row_as_full_screen_section%3D%26%238221%3Bno%26%238221%3B+type%3D%26%238221%3Bfull_width%26%238221%3B+angled_section%3D%26%238221%3Bno%26%238221%3B+text_align%3D%26%238221%3Bleft%26%238221%3B+background_image_as_pattern%3D%26%238221%3Bwithout_pattern%26%238221%3B%5D%5Bvc_column+width%3D%26%238221%3B1%2F2%26%238243%3B%5D%5Bvc_single_image+image%3D%26%238221%3B25956%26%238243%3B+img_size%3D%26%238221%3Bfull%26%238221%3B...\" title=\"LinkedIn\"><i class=\"socials-item-icon linkedin\"><\/i><\/a> <a class=\"socials-item\" target=\"_blank\" href=\"https:\/\/www.reddit.com\/submit?url=https%3A%2F%2Fwww.cvexpres.com%2Fempleo-profesor%2Fempleo-para-profesor-aeronautico%2F&#038;title=Empleo+para+profesor+aeron%C3%A1utico\" title=\"Reddit\"><i class=\"socials-item-icon reddit\"><\/i><\/a> <\/div> <svg class=\"sharing-styled-arrow\"><use xlink:href=\"https:\/\/www.cvexpres.com\/empleo-profesor\/wp-content\/themes\/thegem\/css\/post-arrow.svg#dec-post-arrow\"><\/use><\/svg><\/div><\/div> <div class=\"post-read-more\"><div class=\"gem-button-container gem-button-position-inline thegem-button-6a9b4ff9767627801\" ><a class=\"gem-button gem-button-size-tiny gem-button-style-outline gem-button-text-weight-normal gem-button-border-2\" data-ll-effect=\"drop-right-without-wrap\" style=\"border-radius: 3px;\" onmouseleave=\"\" onmouseenter=\"\" href=\"https:\/\/www.cvexpres.com\/empleo-profesor\/empleo-para-profesor-aeronautico\/\" target=\"_self\">Leer M\u00e1s<\/a><\/div> <\/div> <\/div> <\/div> <\/div>\n<\/article> <article id=\"post-25951\" class=\"col-lg-4 col-md-4 col-sm-6 col-xs-6 inline-column item-animations-not-inited post-25951 post type-post status-publish format-standard category-ofertas-de-empleo-para-profesores\"> <div class=\"post-content-wrapper\" style=\"background-color: #393d50;\"> <div class=\"description\"> <div class=\"post-meta-conteiner\"> <div class=\"post-meta-right\"> <span class=\"comments-link\"><a href=\"https:\/\/www.cvexpres.com\/empleo-profesor\/empleo-para-maestro-de-educacion-especial\/#respond\">0<\/a><\/span> <span class=\"post-meta-likes\"><a href=\"#\" class=\"zilla-likes\" id=\"zilla-likes-25951\" title=\"Like this\"><span class=\"zilla-likes-count\">0<\/span> <span class=\"zilla-likes-postfix\"><\/span><\/a><\/span> <\/div> <\/div> <div class=\"post-title\"> <div class=\"entry-title title-h4\"><a href=\"https:\/\/www.cvexpres.com\/empleo-profesor\/empleo-para-maestro-de-educacion-especial\/\" rel=\"bookmark\" style=\"color: #ffffff\">20 Ago: <span class=\"light\">Empleo para maestro de educaci\u00f3n especial<\/span><\/a><\/div> <\/div> <div class=\"post-text\" style=\"color: #99a9b5\"> <div class=\"summary\"> <\/div> <\/div> <div class=\"info clearfix\"> <div class=\"post-footer-sharing\"><style type=\"text\/css\">.thegem-button-6a9b4ff97740c7694 .gem-button svg {fill: #ffffff;}<\/style><div class=\"gem-button-container gem-button-position-inline thegem-button-6a9b4ff97740c7694\" ><a class=\"gem-button gem-button-size-tiny gem-button-style-flat gem-button-text-weight-normal gem-button-empty\" data-ll-effect=\"drop-right-without-wrap\" style=\"border-radius: 3px;background-color: #171b2d;color: #ffffff;\" onmouseleave=\"this.style.backgroundColor='#171b2d';this.style.color='#ffffff';\" onmouseenter=\"\" href=\"#\" target=\"_self\" role=\"button\" aria-label=\"Share\"><i class=\"gem-print-icon gem-icon-pack-thegem-icons gem-icon-share \"><\/i><\/a><\/div> <div class=\"sharing-popup\"> <div class=\"socials-sharing socials socials-colored-hover\"> <a class=\"socials-item\" target=\"_blank\" href=\"https:\/\/www.facebook.com\/sharer\/sharer.php?u=https%3A%2F%2Fwww.cvexpres.com%2Fempleo-profesor%2Fempleo-para-maestro-de-educacion-especial%2F\" title=\"Facebook\"><i class=\"socials-item-icon facebook\"><\/i><\/a> <a class=\"socials-item\" target=\"_blank\" href=\"https:\/\/twitter.com\/intent\/tweet?text=Empleo+para+maestro+de+educaci%C3%B3n+especial&#038;url=https%3A%2F%2Fwww.cvexpres.com%2Fempleo-profesor%2Fempleo-para-maestro-de-educacion-especial%2F\" title=\"Twitter\"><i class=\"socials-item-icon twitter\"><\/i><\/a> <a class=\"socials-item\" target=\"_blank\" href=\"https:\/\/pinterest.com\/pin\/create\/button\/?url=https%3A%2F%2Fwww.cvexpres.com%2Fempleo-profesor%2Fempleo-para-maestro-de-educacion-especial%2F&#038;description=Empleo+para+maestro+de+educaci%C3%B3n+especial\" title=\"Pinterest\"><i class=\"socials-item-icon pinterest\"><\/i><\/a> <a class=\"socials-item\" target=\"_blank\" href=\"https:\/\/www.tumblr.com\/widgets\/share\/tool?canonicalUrl=https%3A%2F%2Fwww.cvexpres.com%2Fempleo-profesor%2Fempleo-para-maestro-de-educacion-especial%2F\" title=\"Tumblr\"><i class=\"socials-item-icon tumblr\"><\/i><\/a> <a class=\"socials-item\" target=\"_blank\" href=\"https:\/\/www.linkedin.com\/shareArticle?mini=true&#038;url=https%3A%2F%2Fwww.cvexpres.com%2Fempleo-profesor%2Fempleo-para-maestro-de-educacion-especial%2F&#038;title=Empleo+para+maestro+de+educaci%C3%B3n+especial&amp;summary=%5Bvc_row%5D%5Bvc_column+width%3D%26%238221%3B1%2F6%26%238243%3B%5D%5B%2Fvc_column%5D%5Bvc_column+width%3D%26%238221%3B2%2F3%26%238243%3B%5D%5Bvc_column_text+css%3D%26%238221%3B%26%238221%3B%5D+Centro+de+Ense%C3%B1anza+%7C+Sevilla+%5B%2Fvc_column_text%5D%5B%2Fvc_column%5D%5Bvc_column+width%3D%26%238221%3B1%2F6%26%238243%3B%5D%5B%2Fvc_column%5D%5B%2Fvc_row%5D%5Bvc_row+row_type%3D%26%238221%3Brow%26%238221%3B+use_row_as_full_screen_section%3D%26%238221%3Bno%26%238221%3B+type%3D%26%238221%3Bfull_width%26%238221%3B+angled_section%3D%26%238221%3Bno%26%238221%3B+text_align%3D%26%238221%3Bleft%26%238221%3B+background_image_as_pattern%3D%26%238221%3Bwithout_pattern%26%238221%3B%5D%5Bvc_column+width%3D%26%238221%3B1%2F2%26%238243%3B%5D%5Bvc_single_image+image%3D%26%238221%3B25952%26%238243%3B+img_size%3D%26%238221%3Bfull%26%238221%3B...\" title=\"LinkedIn\"><i class=\"socials-item-icon linkedin\"><\/i><\/a> <a class=\"socials-item\" target=\"_blank\" href=\"https:\/\/www.reddit.com\/submit?url=https%3A%2F%2Fwww.cvexpres.com%2Fempleo-profesor%2Fempleo-para-maestro-de-educacion-especial%2F&#038;title=Empleo+para+maestro+de+educaci%C3%B3n+especial\" title=\"Reddit\"><i class=\"socials-item-icon reddit\"><\/i><\/a> <\/div> <svg class=\"sharing-styled-arrow\"><use xlink:href=\"https:\/\/www.cvexpres.com\/empleo-profesor\/wp-content\/themes\/thegem\/css\/post-arrow.svg#dec-post-arrow\"><\/use><\/svg><\/div><\/div> <div class=\"post-read-more\"><div class=\"gem-button-container gem-button-position-inline thegem-button-6a9b4ff97773a4880\" ><a class=\"gem-button gem-button-size-tiny gem-button-style-outline gem-button-text-weight-normal gem-button-border-2\" data-ll-effect=\"drop-right-without-wrap\" style=\"border-radius: 3px;\" onmouseleave=\"\" onmouseenter=\"\" href=\"https:\/\/www.cvexpres.com\/empleo-profesor\/empleo-para-maestro-de-educacion-especial\/\" target=\"_self\">Leer M\u00e1s<\/a><\/div> <\/div> <\/div> <\/div> <\/div>\n<\/article> <article id=\"post-25947\" class=\"col-lg-4 col-md-4 col-sm-6 col-xs-6 inline-column item-animations-not-inited post-25947 post type-post status-publish format-standard category-ofertas-de-empleo-para-profesores\"> <div class=\"post-content-wrapper\" style=\"background-color: #393d50;\"> <div class=\"description\"> <div class=\"post-meta-conteiner\"> <div class=\"post-meta-right\"> <span class=\"comments-link\"><a href=\"https:\/\/www.cvexpres.com\/empleo-profesor\/empleo-para-maestro-de-ingles-2\/#respond\">0<\/a><\/span> <span class=\"post-meta-likes\"><a href=\"#\" class=\"zilla-likes\" id=\"zilla-likes-25947\" title=\"Like this\"><span class=\"zilla-likes-count\">0<\/span> <span class=\"zilla-likes-postfix\"><\/span><\/a><\/span> <\/div> <\/div> <div class=\"post-title\"> <div class=\"entry-title title-h4\"><a href=\"https:\/\/www.cvexpres.com\/empleo-profesor\/empleo-para-maestro-de-ingles-2\/\" rel=\"bookmark\" style=\"color: #ffffff\">20 Ago: <span class=\"light\">Empleo para maestro de ingl\u00e9s<\/span><\/a><\/div> <\/div> <div class=\"post-text\" style=\"color: #99a9b5\"> <div class=\"summary\"> <\/div> <\/div> <div class=\"info clearfix\"> <div class=\"post-footer-sharing\"><style type=\"text\/css\">.thegem-button-6a9b4ff97842f9787 .gem-button svg {fill: #ffffff;}<\/style><div class=\"gem-button-container gem-button-position-inline thegem-button-6a9b4ff97842f9787\" ><a class=\"gem-button gem-button-size-tiny gem-button-style-flat gem-button-text-weight-normal gem-button-empty\" data-ll-effect=\"drop-right-without-wrap\" style=\"border-radius: 3px;background-color: #171b2d;color: #ffffff;\" onmouseleave=\"this.style.backgroundColor='#171b2d';this.style.color='#ffffff';\" onmouseenter=\"\" href=\"#\" target=\"_self\" role=\"button\" aria-label=\"Share\"><i class=\"gem-print-icon gem-icon-pack-thegem-icons gem-icon-share \"><\/i><\/a><\/div> <div class=\"sharing-popup\"> <div class=\"socials-sharing socials socials-colored-hover\"> <a class=\"socials-item\" target=\"_blank\" href=\"https:\/\/www.facebook.com\/sharer\/sharer.php?u=https%3A%2F%2Fwww.cvexpres.com%2Fempleo-profesor%2Fempleo-para-maestro-de-ingles-2%2F\" title=\"Facebook\"><i class=\"socials-item-icon facebook\"><\/i><\/a> <a class=\"socials-item\" target=\"_blank\" href=\"https:\/\/twitter.com\/intent\/tweet?text=Empleo+para+maestro+de+ingl%C3%A9s&#038;url=https%3A%2F%2Fwww.cvexpres.com%2Fempleo-profesor%2Fempleo-para-maestro-de-ingles-2%2F\" title=\"Twitter\"><i class=\"socials-item-icon twitter\"><\/i><\/a> <a class=\"socials-item\" target=\"_blank\" href=\"https:\/\/pinterest.com\/pin\/create\/button\/?url=https%3A%2F%2Fwww.cvexpres.com%2Fempleo-profesor%2Fempleo-para-maestro-de-ingles-2%2F&#038;description=Empleo+para+maestro+de+ingl%C3%A9s\" title=\"Pinterest\"><i class=\"socials-item-icon pinterest\"><\/i><\/a> <a class=\"socials-item\" target=\"_blank\" href=\"https:\/\/www.tumblr.com\/widgets\/share\/tool?canonicalUrl=https%3A%2F%2Fwww.cvexpres.com%2Fempleo-profesor%2Fempleo-para-maestro-de-ingles-2%2F\" title=\"Tumblr\"><i class=\"socials-item-icon tumblr\"><\/i><\/a> <a class=\"socials-item\" target=\"_blank\" href=\"https:\/\/www.linkedin.com\/shareArticle?mini=true&#038;url=https%3A%2F%2Fwww.cvexpres.com%2Fempleo-profesor%2Fempleo-para-maestro-de-ingles-2%2F&#038;title=Empleo+para+maestro+de+ingl%C3%A9s&amp;summary=%5Bvc_row%5D%5Bvc_column+width%3D%26%238221%3B1%2F6%26%238243%3B%5D%5B%2Fvc_column%5D%5Bvc_column+width%3D%26%238221%3B2%2F3%26%238243%3B%5D%5Bvc_column_text+css%3D%26%238221%3B%26%238221%3B%5D+Centro+de+Ense%C3%B1anza+%7C+Madrid+%5B%2Fvc_column_text%5D%5B%2Fvc_column%5D%5Bvc_column+width%3D%26%238221%3B1%2F6%26%238243%3B%5D%5B%2Fvc_column%5D%5B%2Fvc_row%5D%5Bvc_row+row_type%3D%26%238221%3Brow%26%238221%3B+use_row_as_full_screen_section%3D%26%238221%3Bno%26%238221%3B+type%3D%26%238221%3Bfull_width%26%238221%3B+angled_section%3D%26%238221%3Bno%26%238221%3B+text_align%3D%26%238221%3Bleft%26%238221%3B+background_image_as_pattern%3D%26%238221%3Bwithout_pattern%26%238221%3B%5D%5Bvc_column+width%3D%26%238221%3B1%2F2%26%238243%3B%5D%5Bvc_single_image+image%3D%26%238221%3B25948%26%238243%3B+img_size%3D%26%238221%3Bfull%26%238221%3B...\" title=\"LinkedIn\"><i class=\"socials-item-icon linkedin\"><\/i><\/a> <a class=\"socials-item\" target=\"_blank\" href=\"https:\/\/www.reddit.com\/submit?url=https%3A%2F%2Fwww.cvexpres.com%2Fempleo-profesor%2Fempleo-para-maestro-de-ingles-2%2F&#038;title=Empleo+para+maestro+de+ingl%C3%A9s\" title=\"Reddit\"><i class=\"socials-item-icon reddit\"><\/i><\/a> <\/div> <svg class=\"sharing-styled-arrow\"><use xlink:href=\"https:\/\/www.cvexpres.com\/empleo-profesor\/wp-content\/themes\/thegem\/css\/post-arrow.svg#dec-post-arrow\"><\/use><\/svg><\/div><\/div> <div class=\"post-read-more\"><div class=\"gem-button-container gem-button-position-inline thegem-button-6a9b4ff9787626061\" ><a class=\"gem-button gem-button-size-tiny gem-button-style-outline gem-button-text-weight-normal gem-button-border-2\" data-ll-effect=\"drop-right-without-wrap\" style=\"border-radius: 3px;\" onmouseleave=\"\" onmouseenter=\"\" href=\"https:\/\/www.cvexpres.com\/empleo-profesor\/empleo-para-maestro-de-ingles-2\/\" target=\"_self\">Leer M\u00e1s<\/a><\/div> <\/div> <\/div> <\/div> <\/div>\n<\/article>\n<\/div> <div class=\"blog-load-more \"> <div class=\"inner\"> <style type=\"text\/css\">.thegem-button-6a9b4ff9787b33983 .gem-button svg {fill: #ffffff;}.thegem-button-6a9b4ff9787b33983 .gem-button:hover svg {fill: #2c2e3d;}<\/style><div class=\"gem-button-container gem-button-position-center thegem-button-6a9b4ff9787b33983\" ><button class=\"gem-button gem-button-size-medium gem-button-style-outline gem-button-text-weight-thin gem-button-border-1\" data-ll-effect=\"drop-right-without-wrap\" style=\"border-radius: 0px;border-color: #ffffff;color: #ffffff;\" onmouseleave=\"this.style.borderColor='#ffffff';this.style.backgroundColor='transparent';this.style.color='#ffffff';\" onmouseenter=\"this.style.backgroundColor='#ffffff';this.style.color='#2c2e3d';\">Ver todas las ofertas<\/button><\/div> <\/div> <\/div><div class=\"clearboth\"><\/div><style>#thegem-divider-6a9b4ff97883c {margin-top: 110px !important;}<\/style><div id=\"thegem-divider-6a9b4ff97883c\" class=\"gem-divider  \" style=\"\" ><\/div>[\/vc_column][\/vc_row]<\/p>\n<\/div>","protected":false},"excerpt":{"rendered":"<p>[vc_row full_width=&#8221;stretch_row_content_no_spaces&#8221; css=&#8221;.vc_custom_1458135716414{margin-bottom: 0px !important;}&#8221;][vc_column css=&#8221;.vc_custom_1458135744679{margin-bottom: 0px !important;padding-bottom: 0px !important;}&#8221;][vc_separator color=&#8221;white&#8221; style=&#8221;shadow&#8221; css=&#8221;&#8221;][\/vc_column][\/vc_row][vc_row full_width=&#8221;stretch_row_content&#8221; equal_height=&#8221;yes&#8221; custom_css_code=&#8221;LmdlbS10ZXh0Ym94JTdCJTBBJTIwJTIwJTIwJTIwbWFyZ2luLWJvdHRvbSUzQSUyMDAlM0IlMEElN0QlMEElNDBtZWRpYSUyOG1heC13aWR0aCUzQSUyMDQyMHB4JTI5JTdCJTBBJTIwJTIwJTIwJTIwLmdlbS10ZXh0Ym94LWNvbnRlbnQlN0IlMEElMjAlMjAlMjAlMjAlMjAlMjAlMjAlMjBwYWRkaW5nLWxlZnQlM0ElMjAyMXB4JTIwJTIxaW1wb3J0YW50JTNCJTBBJTIwJTIwJTIwJTIwJTIwJTIwJTIwJTIwcGFkZGluZy1yaWdodCUzQSUyMDIxcHglMjAlMjFpbXBvcnRhbnQlM0IlMEElMjAlMjAlMjAlMjAlN0QlMEElN0QlMEE=&#8221; css=&#8221;.vc_custom_1586773385902{margin-bottom: 0px !important;}&#8221; el_class=&#8221;custom-col-3&#8243;][vc_column&#8230;<\/p>\n","protected":false},"author":1,"featured_media":0,"parent":0,"menu_order":0,"comment_status":"closed","ping_status":"closed","template":"","meta":{"footnotes":""},"class_list":["post-12902","page","type-page","status-publish"],"_links":{"self":[{"href":"https:\/\/www.cvexpres.com\/empleo-profesor\/wp-json\/wp\/v2\/pages\/12902","targetHints":{"allow":["GET"]}}],"collection":[{"href":"https:\/\/www.cvexpres.com\/empleo-profesor\/wp-json\/wp\/v2\/pages"}],"about":[{"href":"https:\/\/www.cvexpres.com\/empleo-profesor\/wp-json\/wp\/v2\/types\/page"}],"author":[{"embeddable":true,"href":"https:\/\/www.cvexpres.com\/empleo-profesor\/wp-json\/wp\/v2\/users\/1"}],"replies":[{"embeddable":true,"href":"https:\/\/www.cvexpres.com\/empleo-profesor\/wp-json\/wp\/v2\/comments?post=12902"}],"version-history":[{"count":4,"href":"https:\/\/www.cvexpres.com\/empleo-profesor\/wp-json\/wp\/v2\/pages\/12902\/revisions"}],"predecessor-version":[{"id":24622,"href":"https:\/\/www.cvexpres.com\/empleo-profesor\/wp-json\/wp\/v2\/pages\/12902\/revisions\/24622"}],"wp:attachment":[{"href":"https:\/\/www.cvexpres.com\/empleo-profesor\/wp-json\/wp\/v2\/media?parent=12902"}],"curies":[{"name":"wp","href":"https:\/\/api.w.org\/{rel}","templated":true}]}}